{"id":96,"date":"2025-02-27T09:00:43","date_gmt":"2025-02-27T09:00:43","guid":{"rendered":"https:\/\/electricitatcardona.com\/?page_id=96"},"modified":"2025-03-31T13:47:46","modified_gmt":"2025-03-31T13:47:46","slug":"projectes","status":"publish","type":"page","link":"https:\/\/electricitatcardona.com\/ca\/projectes\/","title":{"rendered":"Projectes"},"content":{"rendered":"<p>[et_pb_section fb_built=&#8221;1&#8243; disabled_on=&#8221;off|off|off&#8221; module_class=&#8221;seccion-tabs-filtrables&#8221; _builder_version=&#8221;4.27.4&#8243; _module_preset=&#8221;default&#8221; background_image=&#8221;https:\/\/electricitatcardona.com\/wp-content\/uploads\/2025\/02\/Diseno-sin-titulo-11.png&#8221; custom_padding=&#8221;80px||80px||true|false&#8221; bottom_divider_height=&#8221;50px&#8221; bottom_divider_repeat=&#8221;2x&#8221; collapsed=&#8221;off&#8221; global_colors_info=&#8221;{}&#8221;][et_pb_row _builder_version=&#8221;4.27.4&#8243; _module_preset=&#8221;default&#8221; width=&#8221;90%&#8221; max_width=&#8221;1300px&#8221; global_colors_info=&#8221;{}&#8221;][et_pb_column type=&#8221;4_4&#8243; _builder_version=&#8221;4.27.4&#8243; _module_preset=&#8221;default&#8221; global_colors_info=&#8221;{}&#8221;][et_pb_text _builder_version=&#8221;4.27.4&#8243; _module_preset=&#8221;default&#8221; text_font=&#8221;|300|||||||&#8221; text_text_color=&#8221;#FFFFFF&#8221; text_font_size=&#8221;18px&#8221; text_line_height=&#8221;1.71em&#8221; header_font=&#8221;|700|||||||&#8221; header_text_color=&#8221;#FFFFFF&#8221; header_font_size=&#8221;45px&#8221; width=&#8221;50%&#8221; module_alignment=&#8221;center&#8221; global_colors_info=&#8221;{}&#8221;]<\/p>\n<h1 style=\"text-align: center;\">Projectes Realitzats<\/h1>\n<p style=\"text-align: center;\">Una selecci\u00f3 dels nostres projectes m\u00e9s destacats, on es reflecteix la nostra experi\u00e8ncia i comprom\u00eds amb la qualitat en cada instal\u00b7laci\u00f3. Amb m\u00e9s de <strong>45 anys d\u2019experi\u00e8ncia<\/strong>, hem tingut l\u2019oportunitat de treballar en diversos sectors, oferint solucions integrals en instal\u00b7lacions el\u00e8ctriques, fotovoltaiques, aerot\u00e8rmia, calefacci\u00f3, gas, aigua i m\u00e9s.<\/p>\n<p>[\/et_pb_text][et_pb_button button_url=&#8221;#projectes&#8221; button_text=&#8221;Veure projectes&#8221; button_alignment=&#8221;center&#8221; _builder_version=&#8221;4.27.4&#8243; _module_preset=&#8221;default&#8221; custom_button=&#8221;on&#8221; button_text_size=&#8221;16px&#8221; button_text_color=&#8221;#FFFFFF&#8221; button_bg_color=&#8221;gcid-primary-color&#8221; button_border_width=&#8221;0px&#8221; global_colors_info=&#8221;{%22gcid-primary-color%22:%91%22button_bg_color%22%93}&#8221;][\/et_pb_button][\/et_pb_column][\/et_pb_row][\/et_pb_section][et_pb_section fb_built=&#8221;1&#8243; module_id=&#8221;projectes&#8221; module_class=&#8221;seccion-tabs-filtrables&#8221; _builder_version=&#8221;4.27.4&#8243; _module_preset=&#8221;default&#8221; collapsed=&#8221;off&#8221; global_colors_info=&#8221;{}&#8221;][et_pb_row _builder_version=&#8221;4.27.4&#8243; _module_preset=&#8221;default&#8221; global_colors_info=&#8221;{}&#8221;][et_pb_column type=&#8221;4_4&#8243; _builder_version=&#8221;4.27.4&#8243; _module_preset=&#8221;default&#8221; global_colors_info=&#8221;{}&#8221;][et_pb_code admin_label=&#8221;Navegaci\u00f3n pesta\u00f1as filtrables&#8221; _builder_version=&#8221;4.27.4&#8243; _module_preset=&#8221;default&#8221; animation_style=&#8221;slide&#8221; animation_direction=&#8221;bottom&#8221; animation_intensity_slide=&#8221;30%&#8221; animation_starting_opacity=&#8221;100%&#8221; global_colors_info=&#8221;{}&#8221;]<\/p>\n<ul class=\"ov-tabs-filters\"><!-- [et_pb_line_break_holder] -->  <\/p>\n<li class=\"ov-tab-filter active\" data-filter=\"all\">Tots els Serveis<\/li>\n<p><!-- [et_pb_line_break_holder] -->  <\/p>\n<li class=\"ov-tab-filter\" data-filter=\"fotovoltaica\">Fotovolt\u00e0ica<\/li>\n<p><!-- [et_pb_line_break_holder] -->  <\/p>\n<li class=\"ov-tab-filter\" data-filter=\"aigua-gas\">Aigua i Gas<\/li>\n<p><!-- [et_pb_line_break_holder] -->  <\/p>\n<li class=\"ov-tab-filter\" data-filter=\"aerotermia\">Aerotermia<\/li>\n<p><!-- [et_pb_line_break_holder] --><\/ul>\n<p>[\/et_pb_code][\/et_pb_column][\/et_pb_row][et_pb_row _builder_version=&#8221;4.27.4&#8243; _module_preset=&#8221;default&#8221; max_width=&#8221;1150px&#8221; global_colors_info=&#8221;{}&#8221;][et_pb_column type=&#8221;4_4&#8243; _builder_version=&#8221;4.27.4&#8243; _module_preset=&#8221;default&#8221; custom_css_main_element=&#8221;display: grid;||grid-template-columns: repeat(3, 1fr);||gap: 30px;&#8221; global_colors_info=&#8221;{}&#8221; custom_css_main_element_last_edited=&#8221;on|phone&#8221; custom_css_main_element_tablet=&#8221;isplay: grid;||grid-template-columns: repeat(2, 1fr);&#8221; custom_css_main_element_phone=&#8221;isplay: grid;||grid-template-columns: repeat(1, 1fr);&#8221;][et_pb_blurb title=&#8221;Fotovoltaica&#8221; url=&#8221;#fototermia&#8221; image=&#8221;https:\/\/electricitatcardona.com\/wp-content\/uploads\/2025\/02\/2.png&#8221; content_max_width=&#8221;1100px&#8221; module_class=&#8221;ov-element-item fotovoltaica&#8221; _builder_version=&#8221;4.27.4&#8243; _module_preset=&#8221;default&#8221; header_font=&#8221;|700|||||||&#8221; header_line_height=&#8221;1.5em&#8221; background_color=&#8221;#FFFFFF&#8221; transform_translate_linked=&#8221;off&#8221; custom_padding=&#8221;20px|20px|20px|20px|false|false&#8221; animation_direction=&#8221;bottom&#8221; custom_css_main_element=&#8221;transition: all .8s cubic-bezier(.2,.8,.2,1.2) 0s!important;&#8221; border_radii=&#8221;on|16px|16px|16px|16px&#8221; border_radii_image=&#8221;on|16px|16px|16px|16px&#8221; border_width_all_image=&#8221;1px&#8221; border_color_all_image=&#8221;#ebf0fa&#8221; box_shadow_style=&#8221;preset1&#8243; box_shadow_vertical=&#8221;11px&#8221; box_shadow_color=&#8221;gcid-primary-color&#8221; global_colors_info=&#8221;{%22gcid-primary-color%22:%91%22box_shadow_color%22,%22box_shadow_color__hover%22%93}&#8221; box_shadow_blur__hover_enabled=&#8221;on|hover&#8221; box_shadow_blur__hover=&#8221;25px&#8221; box_shadow_color__hover_enabled=&#8221;on|hover&#8221; box_shadow_color__hover=&#8221;rgba(16,99,93,0.9)&#8221; transform_styles__hover_enabled=&#8221;on|hover&#8221; transform_scale__hover_enabled=&#8221;on|hover&#8221; transform_translate__hover_enabled=&#8221;on|hover&#8221; transform_rotate__hover_enabled=&#8221;on|hover&#8221; transform_skew__hover_enabled=&#8221;on|hover&#8221; transform_origin__hover_enabled=&#8221;on|hover&#8221; transform_translate__hover=&#8221;0px|-20px&#8221;]<\/p>\n<p data-start=\"58\" data-end=\"279\">Descobreix els nostres projectes d\u2019instal\u00b7laci\u00f3 fotovoltaica a tot Catalunya.<\/p>\n<p data-start=\"281\" data-end=\"568\">Cada projecte \u00e9s \u00fanic i adaptat a les necessitats del client, garantint el m\u00e0xim <strong>aprofitament de l\u2019energia solar<\/strong>. Des de panells solars per a autoconsum fins a grans instal\u00b7lacions industrials, el nostre equip d\u2019experts s\u2019encarrega de tot el proc\u00e9s: estudi, instal\u00b7laci\u00f3 i manteniment.<\/p>\n<p data-start=\"570\" data-end=\"748\">\ud83d\udd39 <strong data-start=\"573\" data-end=\"612\">Autoconsum residencial i industrial<\/strong><br data-start=\"612\" data-end=\"615\" \/>\ud83d\udd39 <strong data-start=\"618\" data-end=\"651\">Reducci\u00f3 de costos energ\u00e8tics<\/strong><br data-start=\"651\" data-end=\"654\" \/>\ud83d\udd39 <strong data-start=\"657\" data-end=\"705\">Sistemes integrats a la xarxa o amb bateries<\/strong><br data-start=\"705\" data-end=\"708\" \/>\ud83d\udd39 <strong data-start=\"711\" data-end=\"746\">M\u00e0xima efici\u00e8ncia i durabilitat<\/strong><\/p>\n<p>[\/et_pb_blurb][et_pb_blurb title=&#8221;Instal\u00b7lacions d&#8217;Aigua i Gas&#8221; url=&#8221;#aigua-gas&#8221; image=&#8221;https:\/\/electricitatcardona.com\/wp-content\/uploads\/2025\/02\/3.png&#8221; alt=&#8221;Instal\u00b7laci\u00f3 de descalcificador, caldera i dip\u00f2sit d\u2019in\u00e8rcia en dos pisos per a un sistema de calefacci\u00f3 \u00f2ptim.&#8221; content_max_width=&#8221;1100px&#8221; module_class=&#8221;ov-element-item aigua-gas&#8221; _builder_version=&#8221;4.27.4&#8243; _module_preset=&#8221;default&#8221; header_font=&#8221;|700|||||||&#8221; header_line_height=&#8221;1.5em&#8221; background_color=&#8221;#FFFFFF&#8221; transform_translate_linked=&#8221;off&#8221; custom_padding=&#8221;20px|20px|20px|20px|false|false&#8221; animation_direction=&#8221;bottom&#8221; custom_css_main_element=&#8221;transition: all .8s cubic-bezier(.2,.8,.2,1.2) 0s!important;&#8221; border_radii=&#8221;on|16px|16px|16px|16px&#8221; border_radii_image=&#8221;on|16px|16px|16px|16px&#8221; border_width_all_image=&#8221;1px&#8221; border_color_all_image=&#8221;#ebf0fa&#8221; box_shadow_style=&#8221;preset1&#8243; box_shadow_vertical=&#8221;11px&#8221; box_shadow_color=&#8221;gcid-primary-color&#8221; global_colors_info=&#8221;{%22gcid-primary-color%22:%91%22box_shadow_color%22,%22box_shadow_color__hover%22%93}&#8221; box_shadow_blur__hover_enabled=&#8221;on|hover&#8221; box_shadow_blur__hover=&#8221;25px&#8221; box_shadow_color__hover_enabled=&#8221;on|hover&#8221; box_shadow_color__hover=&#8221;rgba(16,99,93,0.9)&#8221; transform_styles__hover_enabled=&#8221;on|hover&#8221; transform_scale__hover_enabled=&#8221;on|hover&#8221; transform_translate__hover_enabled=&#8221;on|hover&#8221; transform_rotate__hover_enabled=&#8221;on|hover&#8221; transform_skew__hover_enabled=&#8221;on|hover&#8221; transform_origin__hover_enabled=&#8221;on|hover&#8221; transform_translate__hover=&#8221;0px|-20px&#8221;]<\/p>\n<p data-start=\"45\" data-end=\"305\">Oferim solucions segures, eficients i adaptades a les necessitats de cada client, tant per a llars com per a empreses i ind\u00fastries.<\/p>\n<p data-start=\"307\" data-end=\"462\">El nostre equip especialitzat garanteix una <strong>instal\u00b7laci\u00f3 \u00f2ptima<\/strong> i complint totes les <strong>normatives<\/strong> vigents, assegurant un subministrament fiable i eficient.<\/p>\n<p data-start=\"464\" data-end=\"651\">\ud83d\udd39 <strong data-start=\"467\" data-end=\"507\">Sistemes d\u2019aigua potable i sanit\u00e0ria<\/strong><br data-start=\"507\" data-end=\"510\" \/>\ud83d\udd39 <strong data-start=\"513\" data-end=\"552\">Instal\u00b7lacions de gas natural i GLP<\/strong><br data-start=\"552\" data-end=\"555\" \/>\ud83d\udd39 <strong data-start=\"558\" data-end=\"595\">Revisions i manteniment preventiu<\/strong><br data-start=\"595\" data-end=\"598\" \/>\ud83d\udd39 <strong data-start=\"601\" data-end=\"649\">Efici\u00e8ncia energ\u00e8tica i estalvi en el consum<\/strong><\/p>\n<p data-start=\"653\" data-end=\"742\" data-is-last-node=\"\" data-is-only-node=\"\">Confia en la nostra experi\u00e8ncia per gaudir d\u2019un servei segur, eficient i sostenible.\u00a0<\/p>\n<p>[\/et_pb_blurb][et_pb_blurb title=&#8221;Aerotermies i Instal\u00b7lacions Complertes&#8221; url=&#8221;#aerotermia&#8221; image=&#8221;https:\/\/electricitatcardona.com\/wp-content\/uploads\/2025\/02\/1.png&#8221; alt=&#8221;Instal\u00b7laci\u00f3 de descalcificador i sistema d&#8217;aerotermia en una casa per millorar l&#8217;efici\u00e8ncia energ\u00e8tica.&#8221; content_max_width=&#8221;1100px&#8221; module_class=&#8221;ov-element-item aerotermia&#8221; _builder_version=&#8221;4.27.4&#8243; _module_preset=&#8221;default&#8221; header_font=&#8221;|700|||||||&#8221; header_line_height=&#8221;1.5em&#8221; background_color=&#8221;#FFFFFF&#8221; transform_translate_linked=&#8221;off&#8221; custom_padding=&#8221;20px|20px|20px|20px|false|false&#8221; animation_direction=&#8221;bottom&#8221; custom_css_main_element=&#8221;transition: all .8s cubic-bezier(.2,.8,.2,1.2) 0s!important;&#8221; border_radii=&#8221;on|16px|16px|16px|16px&#8221; border_radii_image=&#8221;on|16px|16px|16px|16px&#8221; border_width_all_image=&#8221;1px&#8221; border_color_all_image=&#8221;#ebf0fa&#8221; box_shadow_style=&#8221;preset1&#8243; box_shadow_vertical=&#8221;11px&#8221; box_shadow_color=&#8221;gcid-primary-color&#8221; global_colors_info=&#8221;{%22gcid-primary-color%22:%91%22box_shadow_color%22,%22box_shadow_color__hover%22%93}&#8221; box_shadow_blur__hover_enabled=&#8221;on|hover&#8221; box_shadow_blur__hover=&#8221;25px&#8221; box_shadow_color__hover_enabled=&#8221;on|hover&#8221; box_shadow_color__hover=&#8221;rgba(16,99,93,0.9)&#8221; transform_styles__hover_enabled=&#8221;on|hover&#8221; transform_scale__hover_enabled=&#8221;on|hover&#8221; transform_translate__hover_enabled=&#8221;on|hover&#8221; transform_rotate__hover_enabled=&#8221;on|hover&#8221; transform_skew__hover_enabled=&#8221;on|hover&#8221; transform_origin__hover_enabled=&#8221;on|hover&#8221; transform_translate__hover=&#8221;0px|-20px&#8221;]<\/p>\n<p data-start=\"45\" data-end=\"305\">Instal\u00b7lacions complertes per a vivendes, integrant sistemes d\u2019aerot\u00e8rmia de nova generaci\u00f3 per a calefacci\u00f3, refrigeraci\u00f3 i aigua calenta sanit\u00e0ria.<\/p>\n<p data-start=\"45\" data-end=\"305\">Aquests sistemes eficients utilitzen l\u2019energia renovable de l\u2019aire exterior, garantint estalvi energ\u00e8tic i <strong>reducci\u00f3 de costos a llarg termini<\/strong>, alhora que contribueixen a la sostenibilitat del medi ambient.<\/p>\n<p data-start=\"45\" data-end=\"305\">Aposta per una climatitzaci\u00f3 m\u00e9s neta i econ\u00f2mica amb les nostres solucions d\u2019aerot\u00e8rmia i instal\u00b7lacions integrals per a la teva casa.<\/p>\n<p>[\/et_pb_blurb][\/et_pb_column][\/et_pb_row][et_pb_row _builder_version=&#8221;4.27.4&#8243; _module_preset=&#8221;default&#8221; global_colors_info=&#8221;{}&#8221;][et_pb_column type=&#8221;4_4&#8243; _builder_version=&#8221;4.27.4&#8243; _module_preset=&#8221;default&#8221; global_colors_info=&#8221;{}&#8221;][et_pb_code admin_label=&#8221;c\u00f3digo JS funcionalidad pesta\u00f1as&#8221; _builder_version=&#8221;4.27.4&#8243; _module_preset=&#8221;default&#8221; global_colors_info=&#8221;{}&#8221;]<script><!-- [et_pb_line_break_holder] -->document.addEventListener('DOMContentLoaded', function() {<!-- [et_pb_line_break_holder] -->  const tabs = document.querySelectorAll('.ov-tab-filter');<!-- [et_pb_line_break_holder] -->  const galleryItems = document.querySelectorAll('.ov-element-item');<!-- [et_pb_line_break_holder] -->  showAllItems();<!-- [et_pb_line_break_holder] -->  tabs.forEach(tab => {<!-- [et_pb_line_break_holder] -->    tab.addEventListener('click', () => {<!-- [et_pb_line_break_holder] -->      const filter = tab.getAttribute('data-filter');<!-- [et_pb_line_break_holder] -->      tabs.forEach(tab => {<!-- [et_pb_line_break_holder] -->        tab.classList.remove('active');<!-- [et_pb_line_break_holder] -->      });<!-- [et_pb_line_break_holder] -->      tab.classList.add('active');<!-- [et_pb_line_break_holder] -->      galleryItems.forEach(item => {<!-- [et_pb_line_break_holder] -->        item.style.opacity = 0;<!-- [et_pb_line_break_holder] -->        item.style.transform = 'translateY(20px)';<!-- [et_pb_line_break_holder] -->        setTimeout(() => {<!-- [et_pb_line_break_holder] -->          if (filter === 'all') {<!-- [et_pb_line_break_holder] -->            item.style.opacity = 1;<!-- [et_pb_line_break_holder] -->            item.style.transform = 'translateY(0)';<!-- [et_pb_line_break_holder] -->            item.classList.remove('hide');<!-- [et_pb_line_break_holder] -->          } else if (item.classList.contains(filter)) {<!-- [et_pb_line_break_holder] -->            item.style.opacity = 1;<!-- [et_pb_line_break_holder] -->            item.style.transform = 'translateY(0)';<!-- [et_pb_line_break_holder] -->            item.classList.remove('hide');<!-- [et_pb_line_break_holder] -->          } else {<!-- [et_pb_line_break_holder] -->            item.style.opacity = 0;<!-- [et_pb_line_break_holder] -->            item.style.transform = 'translateY(20px)';<!-- [et_pb_line_break_holder] -->            item.classList.add('hide');<!-- [et_pb_line_break_holder] -->          }<!-- [et_pb_line_break_holder] -->        }, 300);<!-- [et_pb_line_break_holder] -->      });<!-- [et_pb_line_break_holder] -->    });<!-- [et_pb_line_break_holder] -->  });<!-- [et_pb_line_break_holder] -->  function showAllItems() {<!-- [et_pb_line_break_holder] -->    galleryItems.forEach(item => {<!-- [et_pb_line_break_holder] -->      item.style.opacity = 1;<!-- [et_pb_line_break_holder] -->      item.style.transform = 'translateY(0)';<!-- [et_pb_line_break_holder] -->      item.classList.remove('hide');<!-- [et_pb_line_break_holder] -->    });<!-- [et_pb_line_break_holder] -->  }<!-- [et_pb_line_break_holder] -->});<!-- [et_pb_line_break_holder] --><\/script>[\/et_pb_code][\/et_pb_column][\/et_pb_row][et_pb_row module_id=&#8221;fototermia&#8221; _builder_version=&#8221;4.27.4&#8243; _module_preset=&#8221;default&#8221; global_colors_info=&#8221;{}&#8221;][et_pb_column type=&#8221;4_4&#8243; _builder_version=&#8221;4.27.4&#8243; _module_preset=&#8221;default&#8221; global_colors_info=&#8221;{}&#8221;][et_pb_text _builder_version=&#8221;4.27.4&#8243; _module_preset=&#8221;default&#8221; header_2_font=&#8221;|700|||||||&#8221; header_2_text_color=&#8221;gcid-heading-color&#8221; animation_style=&#8221;slide&#8221; animation_direction=&#8221;bottom&#8221; animation_intensity_slide=&#8221;30%&#8221; animation_starting_opacity=&#8221;100%&#8221; global_colors_info=&#8221;{%22gcid-heading-color%22:%91%22header_2_text_color%22%93}&#8221;]<\/p>\n<h2 style=\"text-align: center;\">Fotovolt\u00e0ica<\/h2>\n<p>[\/et_pb_text][et_pb_gallery gallery_ids=&#8221;76,130,77,78,131,120,128,127,126,124,129,123,122,121,119&#8243; posts_number=&#8221;12&#8243; show_title_and_caption=&#8221;off&#8221; hover_icon=&#8221;&#x50;||divi||400&#8243; _builder_version=&#8221;4.27.4&#8243; _module_preset=&#8221;default&#8221; background_color=&#8221;RGBA(255,255,255,0)&#8221; transform_scale_linked__hover=&#8221;off&#8221; animation_style=&#8221;slide&#8221; animation_direction=&#8221;bottom&#8221; animation_intensity_slide=&#8221;10%&#8221; animation_starting_opacity=&#8221;90%&#8221; border_radii_image=&#8221;on|8px|8px|8px|8px&#8221; box_shadow_style_image=&#8221;preset1&#8243; box_shadow_blur_image=&#8221;10px&#8221; global_colors_info=&#8221;{}&#8221; transform_styles__hover_enabled=&#8221;off|desktop&#8221; transform_scale__hover_enabled=&#8221;off|desktop&#8221; transform_translate__hover_enabled=&#8221;off|desktop&#8221; transform_rotate__hover_enabled=&#8221;off|desktop&#8221; transform_skew__hover_enabled=&#8221;off|desktop&#8221; transform_origin__hover_enabled=&#8221;off|desktop&#8221;][\/et_pb_gallery][\/et_pb_column][\/et_pb_row][et_pb_row module_id=&#8221;aigua-gas&#8221; _builder_version=&#8221;4.27.4&#8243; _module_preset=&#8221;default&#8221; global_colors_info=&#8221;{}&#8221;][et_pb_column type=&#8221;4_4&#8243; _builder_version=&#8221;4.27.4&#8243; _module_preset=&#8221;default&#8221; global_colors_info=&#8221;{}&#8221;][et_pb_text _builder_version=&#8221;4.27.4&#8243; _module_preset=&#8221;default&#8221; header_2_font=&#8221;|700|||||||&#8221; header_2_text_color=&#8221;gcid-heading-color&#8221; animation_style=&#8221;slide&#8221; animation_direction=&#8221;bottom&#8221; animation_intensity_slide=&#8221;30%&#8221; animation_starting_opacity=&#8221;100%&#8221; global_colors_info=&#8221;{%22gcid-heading-color%22:%91%22header_2_text_color%22%93}&#8221;]<\/p>\n<h2 style=\"text-align: center;\">Instal\u00b7lacions d&#8217;Aigua i Gas<\/h2>\n<p>[\/et_pb_text][et_pb_gallery gallery_ids=&#8221;149,152,148,150,151,147,131,153,146&#8243; posts_number=&#8221;12&#8243; show_title_and_caption=&#8221;off&#8221; hover_icon=&#8221;&#x50;||divi||400&#8243; _builder_version=&#8221;4.27.4&#8243; _module_preset=&#8221;default&#8221; background_color=&#8221;RGBA(255,255,255,0)&#8221; transform_scale_linked__hover=&#8221;off&#8221; animation_style=&#8221;slide&#8221; animation_direction=&#8221;bottom&#8221; animation_intensity_slide=&#8221;10%&#8221; animation_starting_opacity=&#8221;90%&#8221; border_radii_image=&#8221;on|8px|8px|8px|8px&#8221; box_shadow_style_image=&#8221;preset1&#8243; box_shadow_blur_image=&#8221;10px&#8221; global_colors_info=&#8221;{}&#8221; transform_styles__hover_enabled=&#8221;off|desktop&#8221; transform_scale__hover_enabled=&#8221;off|desktop&#8221; transform_translate__hover_enabled=&#8221;off|desktop&#8221; transform_rotate__hover_enabled=&#8221;off|desktop&#8221; transform_skew__hover_enabled=&#8221;off|desktop&#8221; transform_origin__hover_enabled=&#8221;off|desktop&#8221;][\/et_pb_gallery][\/et_pb_column][\/et_pb_row][et_pb_row module_id=&#8221;aerotermia&#8221; _builder_version=&#8221;4.27.4&#8243; _module_preset=&#8221;default&#8221; global_colors_info=&#8221;{}&#8221;][et_pb_column type=&#8221;4_4&#8243; _builder_version=&#8221;4.27.4&#8243; _module_preset=&#8221;default&#8221; global_colors_info=&#8221;{}&#8221;][et_pb_text _builder_version=&#8221;4.27.4&#8243; _module_preset=&#8221;default&#8221; header_2_font=&#8221;|700|||||||&#8221; header_2_text_color=&#8221;gcid-heading-color&#8221; animation_style=&#8221;slide&#8221; animation_direction=&#8221;bottom&#8221; animation_intensity_slide=&#8221;30%&#8221; animation_starting_opacity=&#8221;100%&#8221; global_colors_info=&#8221;{%22gcid-heading-color%22:%91%22header_2_text_color%22%93}&#8221;]<\/p>\n<h2 style=\"text-align: center;\">Aerotermies i Instal\u00b7lacions Complertes<\/h2>\n<p>[\/et_pb_text][et_pb_gallery gallery_ids=&#8221;172,170,169,168,167,166,165,164,173,163,162,171,161,294,295,296,297,298,299&#8243; posts_number=&#8221;12&#8243; show_title_and_caption=&#8221;off&#8221; hover_icon=&#8221;&#x50;||divi||400&#8243; _builder_version=&#8221;4.27.4&#8243; _module_preset=&#8221;default&#8221; background_color=&#8221;RGBA(255,255,255,0)&#8221; transform_scale_linked__hover=&#8221;off&#8221; animation_style=&#8221;slide&#8221; animation_direction=&#8221;bottom&#8221; animation_intensity_slide=&#8221;10%&#8221; animation_starting_opacity=&#8221;90%&#8221; border_radii_image=&#8221;on|8px|8px|8px|8px&#8221; box_shadow_style_image=&#8221;preset1&#8243; box_shadow_blur_image=&#8221;10px&#8221; global_colors_info=&#8221;{}&#8221; transform_styles__hover_enabled=&#8221;off|desktop&#8221; transform_scale__hover_enabled=&#8221;off|desktop&#8221; transform_translate__hover_enabled=&#8221;off|desktop&#8221; transform_rotate__hover_enabled=&#8221;off|desktop&#8221; transform_skew__hover_enabled=&#8221;off|desktop&#8221; transform_origin__hover_enabled=&#8221;off|desktop&#8221;][\/et_pb_gallery][\/et_pb_column][\/et_pb_row][\/et_pb_section]<\/p>\n","protected":false},"excerpt":{"rendered":"<p>Projectes Realitzats Una selecci\u00f3 dels nostres projectes m\u00e9s destacats, on es reflecteix la nostra experi\u00e8ncia i comprom\u00eds amb la qualitat en cada instal\u00b7laci\u00f3. Amb m\u00e9s de 45 anys d\u2019experi\u00e8ncia, hem tingut l\u2019oportunitat de treballar en diversos sectors, oferint solucions integrals en instal\u00b7lacions el\u00e8ctriques, fotovoltaiques, aerot\u00e8rmia, calefacci\u00f3, gas, aigua i m\u00e9s.Descobreix els nostres projectes d\u2019instal\u00b7laci\u00f3 fotovoltaica [&hellip;]<\/p>\n","protected":false},"author":1,"featured_media":189,"parent":0,"menu_order":0,"comment_status":"closed","ping_status":"closed","template":"","meta":{"_et_pb_use_builder":"on","_et_pb_old_content":"<!-- wp:divi\/placeholder \/-->","_et_gb_content_width":"","footnotes":""},"class_list":["post-96","page","type-page","status-publish","has-post-thumbnail","hentry"],"yoast_head":"<!-- This site is optimized with the Yoast SEO plugin v25.3.1 - https:\/\/yoast.com\/wordpress\/plugins\/seo\/ -->\n<title>Projectes Instal\u00b7lacions - Electricitat Lluis Cardona<\/title>\n<meta name=\"description\" content=\"Dona un cop d&#039;ull als nostres projectes d&#039;instal\u00b7lacions el\u00e8ctriques, solars, energia renovables, gas i tractaments d\u2019aigua a tot Catalunya.\" \/>\n<meta name=\"robots\" content=\"index, follow, max-snippet:-1, max-image-preview:large, max-video-preview:-1\" \/>\n<link rel=\"canonical\" href=\"https:\/\/electricitatcardona.com\/ca\/projectes\/\" \/>\n<meta property=\"og:locale\" content=\"ca_ES\" \/>\n<meta property=\"og:type\" content=\"article\" \/>\n<meta property=\"og:title\" content=\"Projectes Instal\u00b7lacions - Electricitat Lluis Cardona\" \/>\n<meta property=\"og:description\" content=\"Dona un cop d&#039;ull als nostres projectes d&#039;instal\u00b7lacions el\u00e8ctriques, solars, energia renovables, gas i tractaments d\u2019aigua a tot Catalunya.\" \/>\n<meta property=\"og:url\" content=\"https:\/\/electricitatcardona.com\/ca\/projectes\/\" \/>\n<meta property=\"og:site_name\" content=\"Electricitat Lluis Cardona\" \/>\n<meta property=\"article:modified_time\" content=\"2025-03-31T13:47:46+00:00\" \/>\n<meta property=\"og:image\" content=\"https:\/\/electricitatcardona.com\/wp-content\/uploads\/2025\/02\/2-1024x768.png\" \/>\n\t<meta property=\"og:image:width\" content=\"1024\" \/>\n\t<meta property=\"og:image:height\" content=\"768\" \/>\n\t<meta property=\"og:image:type\" content=\"image\/png\" \/>\n<meta name=\"twitter:card\" content=\"summary_large_image\" \/>\n<meta name=\"twitter:label1\" content=\"Temps estimat de lectura\" \/>\n\t<meta name=\"twitter:data1\" content=\"10 minuts\" \/>\n<script type=\"application\/ld+json\" class=\"yoast-schema-graph\">{\"@context\":\"https:\/\/schema.org\",\"@graph\":[{\"@type\":\"WebPage\",\"@id\":\"https:\/\/electricitatcardona.com\/ca\/projectes\/\",\"url\":\"https:\/\/electricitatcardona.com\/ca\/projectes\/\",\"name\":\"Projectes Instal\u00b7lacions - Electricitat Lluis Cardona\",\"isPartOf\":{\"@id\":\"https:\/\/electricitatcardona.com\/#website\"},\"primaryImageOfPage\":{\"@id\":\"https:\/\/electricitatcardona.com\/ca\/projectes\/#primaryimage\"},\"image\":{\"@id\":\"https:\/\/electricitatcardona.com\/ca\/projectes\/#primaryimage\"},\"thumbnailUrl\":\"https:\/\/electricitatcardona.com\/wp-content\/uploads\/2025\/02\/2.png\",\"datePublished\":\"2025-02-27T09:00:43+00:00\",\"dateModified\":\"2025-03-31T13:47:46+00:00\",\"description\":\"Dona un cop d'ull als nostres projectes d'instal\u00b7lacions el\u00e8ctriques, solars, energia renovables, gas i tractaments d\u2019aigua a tot Catalunya.\",\"breadcrumb\":{\"@id\":\"https:\/\/electricitatcardona.com\/ca\/projectes\/#breadcrumb\"},\"inLanguage\":\"ca\",\"potentialAction\":[{\"@type\":\"ReadAction\",\"target\":[\"https:\/\/electricitatcardona.com\/ca\/projectes\/\"]}]},{\"@type\":\"ImageObject\",\"inLanguage\":\"ca\",\"@id\":\"https:\/\/electricitatcardona.com\/ca\/projectes\/#primaryimage\",\"url\":\"https:\/\/electricitatcardona.com\/wp-content\/uploads\/2025\/02\/2.png\",\"contentUrl\":\"https:\/\/electricitatcardona.com\/wp-content\/uploads\/2025\/02\/2.png\",\"width\":2048,\"height\":1536,\"caption\":\"Projectes\"},{\"@type\":\"BreadcrumbList\",\"@id\":\"https:\/\/electricitatcardona.com\/ca\/projectes\/#breadcrumb\",\"itemListElement\":[{\"@type\":\"ListItem\",\"position\":1,\"name\":\"Portada\",\"item\":\"https:\/\/electricitatcardona.com\/ca\/\"},{\"@type\":\"ListItem\",\"position\":2,\"name\":\"Projectes\"}]},{\"@type\":\"WebSite\",\"@id\":\"https:\/\/electricitatcardona.com\/#website\",\"url\":\"https:\/\/electricitatcardona.com\/\",\"name\":\"Electricitat Lluis Cardona\",\"description\":\"\",\"publisher\":{\"@id\":\"https:\/\/electricitatcardona.com\/#organization\"},\"potentialAction\":[{\"@type\":\"SearchAction\",\"target\":{\"@type\":\"EntryPoint\",\"urlTemplate\":\"https:\/\/electricitatcardona.com\/?s={search_term_string}\"},\"query-input\":{\"@type\":\"PropertyValueSpecification\",\"valueRequired\":true,\"valueName\":\"search_term_string\"}}],\"inLanguage\":\"ca\"},{\"@type\":\"Organization\",\"@id\":\"https:\/\/electricitatcardona.com\/#organization\",\"name\":\"Electricitat Lluis Cardona\",\"url\":\"https:\/\/electricitatcardona.com\/\",\"logo\":{\"@type\":\"ImageObject\",\"inLanguage\":\"ca\",\"@id\":\"https:\/\/electricitatcardona.com\/#\/schema\/logo\/image\/\",\"url\":\"https:\/\/electricitatcardona.com\/wp-content\/uploads\/2025\/02\/cropped-Lluis-cardona-vinils-4x4-1-2.png\",\"contentUrl\":\"https:\/\/electricitatcardona.com\/wp-content\/uploads\/2025\/02\/cropped-Lluis-cardona-vinils-4x4-1-2.png\",\"width\":512,\"height\":512,\"caption\":\"Electricitat Lluis Cardona\"},\"image\":{\"@id\":\"https:\/\/electricitatcardona.com\/#\/schema\/logo\/image\/\"}}]}<\/script>\n<!-- \/ Yoast SEO plugin. -->","yoast_head_json":{"title":"Projectes Instal\u00b7lacions - Electricitat Lluis Cardona","description":"Dona un cop d'ull als nostres projectes d'instal\u00b7lacions el\u00e8ctriques, solars, energia renovables, gas i tractaments d\u2019aigua a tot Catalunya.","robots":{"index":"index","follow":"follow","max-snippet":"max-snippet:-1","max-image-preview":"max-image-preview:large","max-video-preview":"max-video-preview:-1"},"canonical":"https:\/\/electricitatcardona.com\/ca\/projectes\/","og_locale":"ca_ES","og_type":"article","og_title":"Projectes Instal\u00b7lacions - Electricitat Lluis Cardona","og_description":"Dona un cop d'ull als nostres projectes d'instal\u00b7lacions el\u00e8ctriques, solars, energia renovables, gas i tractaments d\u2019aigua a tot Catalunya.","og_url":"https:\/\/electricitatcardona.com\/ca\/projectes\/","og_site_name":"Electricitat Lluis Cardona","article_modified_time":"2025-03-31T13:47:46+00:00","og_image":[{"width":1024,"height":768,"url":"https:\/\/electricitatcardona.com\/wp-content\/uploads\/2025\/02\/2-1024x768.png","type":"image\/png"}],"twitter_card":"summary_large_image","twitter_misc":{"Temps estimat de lectura":"10 minuts"},"schema":{"@context":"https:\/\/schema.org","@graph":[{"@type":"WebPage","@id":"https:\/\/electricitatcardona.com\/ca\/projectes\/","url":"https:\/\/electricitatcardona.com\/ca\/projectes\/","name":"Projectes Instal\u00b7lacions - Electricitat Lluis Cardona","isPartOf":{"@id":"https:\/\/electricitatcardona.com\/#website"},"primaryImageOfPage":{"@id":"https:\/\/electricitatcardona.com\/ca\/projectes\/#primaryimage"},"image":{"@id":"https:\/\/electricitatcardona.com\/ca\/projectes\/#primaryimage"},"thumbnailUrl":"https:\/\/electricitatcardona.com\/wp-content\/uploads\/2025\/02\/2.png","datePublished":"2025-02-27T09:00:43+00:00","dateModified":"2025-03-31T13:47:46+00:00","description":"Dona un cop d'ull als nostres projectes d'instal\u00b7lacions el\u00e8ctriques, solars, energia renovables, gas i tractaments d\u2019aigua a tot Catalunya.","breadcrumb":{"@id":"https:\/\/electricitatcardona.com\/ca\/projectes\/#breadcrumb"},"inLanguage":"ca","potentialAction":[{"@type":"ReadAction","target":["https:\/\/electricitatcardona.com\/ca\/projectes\/"]}]},{"@type":"ImageObject","inLanguage":"ca","@id":"https:\/\/electricitatcardona.com\/ca\/projectes\/#primaryimage","url":"https:\/\/electricitatcardona.com\/wp-content\/uploads\/2025\/02\/2.png","contentUrl":"https:\/\/electricitatcardona.com\/wp-content\/uploads\/2025\/02\/2.png","width":2048,"height":1536,"caption":"Projectes"},{"@type":"BreadcrumbList","@id":"https:\/\/electricitatcardona.com\/ca\/projectes\/#breadcrumb","itemListElement":[{"@type":"ListItem","position":1,"name":"Portada","item":"https:\/\/electricitatcardona.com\/ca\/"},{"@type":"ListItem","position":2,"name":"Projectes"}]},{"@type":"WebSite","@id":"https:\/\/electricitatcardona.com\/#website","url":"https:\/\/electricitatcardona.com\/","name":"Electricitat Lluis Cardona","description":"","publisher":{"@id":"https:\/\/electricitatcardona.com\/#organization"},"potentialAction":[{"@type":"SearchAction","target":{"@type":"EntryPoint","urlTemplate":"https:\/\/electricitatcardona.com\/?s={search_term_string}"},"query-input":{"@type":"PropertyValueSpecification","valueRequired":true,"valueName":"search_term_string"}}],"inLanguage":"ca"},{"@type":"Organization","@id":"https:\/\/electricitatcardona.com\/#organization","name":"Electricitat Lluis Cardona","url":"https:\/\/electricitatcardona.com\/","logo":{"@type":"ImageObject","inLanguage":"ca","@id":"https:\/\/electricitatcardona.com\/#\/schema\/logo\/image\/","url":"https:\/\/electricitatcardona.com\/wp-content\/uploads\/2025\/02\/cropped-Lluis-cardona-vinils-4x4-1-2.png","contentUrl":"https:\/\/electricitatcardona.com\/wp-content\/uploads\/2025\/02\/cropped-Lluis-cardona-vinils-4x4-1-2.png","width":512,"height":512,"caption":"Electricitat Lluis Cardona"},"image":{"@id":"https:\/\/electricitatcardona.com\/#\/schema\/logo\/image\/"}}]}},"_links":{"self":[{"href":"https:\/\/electricitatcardona.com\/ca\/wp-json\/wp\/v2\/pages\/96","targetHints":{"allow":["GET"]}}],"collection":[{"href":"https:\/\/electricitatcardona.com\/ca\/wp-json\/wp\/v2\/pages"}],"about":[{"href":"https:\/\/electricitatcardona.com\/ca\/wp-json\/wp\/v2\/types\/page"}],"author":[{"embeddable":true,"href":"https:\/\/electricitatcardona.com\/ca\/wp-json\/wp\/v2\/users\/1"}],"replies":[{"embeddable":true,"href":"https:\/\/electricitatcardona.com\/ca\/wp-json\/wp\/v2\/comments?post=96"}],"version-history":[{"count":1,"href":"https:\/\/electricitatcardona.com\/ca\/wp-json\/wp\/v2\/pages\/96\/revisions"}],"predecessor-version":[{"id":424,"href":"https:\/\/electricitatcardona.com\/ca\/wp-json\/wp\/v2\/pages\/96\/revisions\/424"}],"wp:featuredmedia":[{"embeddable":true,"href":"https:\/\/electricitatcardona.com\/ca\/wp-json\/wp\/v2\/media\/189"}],"wp:attachment":[{"href":"https:\/\/electricitatcardona.com\/ca\/wp-json\/wp\/v2\/media?parent=96"}],"curies":[{"name":"wp","href":"https:\/\/api.w.org\/{rel}","templated":true}]}}