{"id":96,"date":"2025-02-27T09:00:43","date_gmt":"2025-02-27T09:00:43","guid":{"rendered":"https:\/\/electricitatcardona.com\/?page_id=96"},"modified":"2025-03-31T13:47:46","modified_gmt":"2025-03-31T13:47:46","slug":"projectes","status":"publish","type":"page","link":"https:\/\/electricitatcardona.com\/ca\/projectes\/","title":{"rendered":"Projectes"},"content":{"rendered":"<p><div class=\"et_d4_element et_pb_section et_pb_section_0 seccion-tabs-filtrables et_pb_with_background  et_pb_css_mix_blend_mode et_section_regular et_block_section\" >\n\t\t\t\t\n\t\t\t\t\n\t\t\t\t\n\t\t\t\t\n\t\t\t\t\n\t\t\t\t\n\t\t\t\t<div class=\"et_d4_element et_pb_row et_pb_row_0  et_pb_css_mix_blend_mode et_block_row\">\n\t\t\t\t<div class=\"et_d4_element et_pb_column_4_4 et_pb_column et_pb_column_0  et_pb_css_mix_blend_mode et-last-child et_block_column\">\n\t\t\t\t\n\t\t\t\t\n\t\t\t\t\n\t\t\t\t\n\t\t\t\t<div class=\"et_pb_module et_d4_element et_pb_text et_pb_text_0  et_pb_text_align_left et_pb_bg_layout_light\">\n\t\t\t\t\n\t\t\t\t\n\t\t\t\t\n\t\t\t\t\n\t\t\t\t<div class=\"et_pb_text_inner\"><h1 style=\"text-align: center;\">Projectes Realitzats<\/h1>\n<p style=\"text-align: center;\">Una selecci\u00f3 dels nostres projectes m\u00e9s destacats, on es reflecteix la nostra experi\u00e8ncia i comprom\u00eds amb la qualitat en cada instal\u00b7laci\u00f3. Amb m\u00e9s de <strong>45 anys d\u2019experi\u00e8ncia<\/strong>, hem tingut l\u2019oportunitat de treballar en diversos sectors, oferint solucions integrals en instal\u00b7lacions el\u00e8ctriques, fotovoltaiques, aerot\u00e8rmia, calefacci\u00f3, gas, aigua i m\u00e9s.<\/p><\/div>\n\t\t\t<\/div><div class=\"et_pb_button_module_wrapper et_pb_button_0_wrapper et_pb_button_alignment_center et_pb_module \">\n\t\t\t\t<a class=\"et_pb_button et_d4_element et_pb_button_0 et_pb_bg_layout_light et_block_module\" href=\"#projectes\">Veure projectes<\/a>\n\t\t\t<\/div>\n\t\t\t<\/div>\n\t\t\t\t\n\t\t\t\t\n\t\t\t\t\n\t\t\t\t\n\t\t\t<\/div>\n\t\t\t\t\n\t\t\t\t\n\t\t\t<\/div><div id=\"projectes\" class=\"et_d4_element et_pb_section et_pb_section_1 seccion-tabs-filtrables  et_pb_css_mix_blend_mode et_section_regular et_block_section\" >\n\t\t\t\t\n\t\t\t\t\n\t\t\t\t\n\t\t\t\t\n\t\t\t\t\n\t\t\t\t\n\t\t\t\t<div class=\"et_d4_element et_pb_row et_pb_row_1  et_pb_css_mix_blend_mode et_block_row\">\n\t\t\t\t<div class=\"et_d4_element et_pb_column_4_4 et_pb_column et_pb_column_1  et_pb_css_mix_blend_mode et-last-child et_block_column\">\n\t\t\t\t\n\t\t\t\t\n\t\t\t\t\n\t\t\t\t\n\t\t\t\t<div class=\"et_pb_module et_d4_element et_pb_code et_pb_code_0 et_animated\">\n\t\t\t\t\n\t\t\t\t\n\t\t\t\t\n\t\t\t\t\n\t\t\t\t<div class=\"et_pb_code_inner\"><ul class=\"ov-tabs-filters\">\n  <li class=\"ov-tab-filter active\" data-filter=\"all\">Tots els Serveis<\/li>\n  <li class=\"ov-tab-filter\" data-filter=\"fotovoltaica\">Fotovolt\u00e0ica<\/li>\n  <li class=\"ov-tab-filter\" data-filter=\"aigua-gas\">Aigua i Gas<\/li>\n  <li class=\"ov-tab-filter\" data-filter=\"aerotermia\">Aerotermia<\/li>\n<\/ul><\/div>\n\t\t\t<\/div>\n\t\t\t<\/div>\n\t\t\t\t\n\t\t\t\t\n\t\t\t\t\n\t\t\t\t\n\t\t\t<\/div><div class=\"et_d4_element et_pb_row et_pb_row_2  et_pb_css_mix_blend_mode et_block_row\">\n\t\t\t\t<div class=\"et_d4_element et_pb_column_4_4 et_pb_column et_pb_column_2  et_pb_css_mix_blend_mode et-last-child et_block_column\">\n\t\t\t\t\n\t\t\t\t\n\t\t\t\t\n\t\t\t\t\n\t\t\t\t<div class=\"et_pb_with_border et_pb_module et_d4_element et_pb_blurb et_pb_blurb_0 ov-element-item fotovoltaica  et_pb_text_align_left  et_pb_blurb_position_top et_block_module et_pb_bg_layout_light\">\n\t\t\t\t\n\t\t\t\t\n\t\t\t\t\n\t\t\t\t\n\t\t\t\t<div class=\"et_pb_blurb_content\">\n\t\t\t\t\t<div class=\"et_pb_main_blurb_image et_pb_css_mix_blend_mode\"><a href=\"#fototermia\"><span class=\"et_pb_image_wrap et_pb_only_image_mode_wrap\"><img decoding=\"async\" width=\"2048\" height=\"1536\" data-src=\"https:\/\/electricitatcardona.com\/wp-content\/uploads\/2025\/02\/2.png\" alt=\"\" data-srcset=\"https:\/\/electricitatcardona.com\/wp-content\/uploads\/2025\/02\/2.png 2048w, https:\/\/electricitatcardona.com\/wp-content\/uploads\/2025\/02\/2-1280x960.png 1280w, https:\/\/electricitatcardona.com\/wp-content\/uploads\/2025\/02\/2-980x735.png 980w, https:\/\/electricitatcardona.com\/wp-content\/uploads\/2025\/02\/2-480x360.png 480w\" data-sizes=\"(min-width: 0px) and (max-width: 480px) 480px, (min-width: 481px) and (max-width: 980px) 980px, (min-width: 981px) and (max-width: 1280px) 1280px, (min-width: 1281px) 2048px, 100vw\" class=\"et-waypoint et_pb_animation_top et_pb_animation_top_tablet et_pb_animation_top_phone wp-image-189 lazyload\" src=\"data:image\/svg+xml;base64,PHN2ZyB3aWR0aD0iMSIgaGVpZ2h0PSIxIiB4bWxucz0iaHR0cDovL3d3dy53My5vcmcvMjAwMC9zdmciPjwvc3ZnPg==\" style=\"--smush-placeholder-width: 2048px; --smush-placeholder-aspect-ratio: 2048\/1536;\" \/><\/span><\/a><\/div>\n\t\t\t\t\t<div class=\"et_pb_blurb_container\">\n\t\t\t\t\t\t<h4 class=\"et_pb_module_header\"><a href=\"#fototermia\">Fotovoltaica<\/a><\/h4>\n\t\t\t\t\t\t<div class=\"et_pb_blurb_description\"><p data-start=\"58\" data-end=\"279\">Descobreix els nostres projectes d\u2019instal\u00b7laci\u00f3 fotovoltaica a tot Catalunya.<\/p>\n<p data-start=\"281\" data-end=\"568\">Cada projecte \u00e9s \u00fanic i adaptat a les necessitats del client, garantint el m\u00e0xim <strong>aprofitament de l\u2019energia solar<\/strong>. Des de panells solars per a autoconsum fins a grans instal\u00b7lacions industrials, el nostre equip d\u2019experts s\u2019encarrega de tot el proc\u00e9s: estudi, instal\u00b7laci\u00f3 i manteniment.<\/p>\n<p data-start=\"570\" data-end=\"748\">\ud83d\udd39 <strong data-start=\"573\" data-end=\"612\">Autoconsum residencial i industrial<\/strong><br data-start=\"612\" data-end=\"615\" \/>\ud83d\udd39 <strong data-start=\"618\" data-end=\"651\">Reducci\u00f3 de costos energ\u00e8tics<\/strong><br data-start=\"651\" data-end=\"654\" \/>\ud83d\udd39 <strong data-start=\"657\" data-end=\"705\">Sistemes integrats a la xarxa o amb bateries<\/strong><br data-start=\"705\" data-end=\"708\" \/>\ud83d\udd39 <strong data-start=\"711\" data-end=\"746\">M\u00e0xima efici\u00e8ncia i durabilitat<\/strong><\/p><\/div>\n\t\t\t\t\t<\/div>\n\t\t\t\t<\/div>\n\t\t\t<\/div><div class=\"et_pb_with_border et_pb_module et_d4_element et_pb_blurb et_pb_blurb_1 ov-element-item aigua-gas  et_pb_text_align_left  et_pb_blurb_position_top et_block_module et_pb_bg_layout_light\">\n\t\t\t\t\n\t\t\t\t\n\t\t\t\t\n\t\t\t\t\n\t\t\t\t<div class=\"et_pb_blurb_content\">\n\t\t\t\t\t<div class=\"et_pb_main_blurb_image et_pb_css_mix_blend_mode\"><a href=\"#aigua-gas\"><span class=\"et_pb_image_wrap et_pb_only_image_mode_wrap\"><img decoding=\"async\" width=\"2048\" height=\"1536\" data-src=\"https:\/\/electricitatcardona.com\/wp-content\/uploads\/2025\/02\/3.png\" alt=\"Instal\u00b7laci\u00f3 de descalcificador, caldera i dip\u00f2sit d\u2019in\u00e8rcia en dos pisos per a un sistema de calefacci\u00f3 \u00f2ptim.\" data-srcset=\"https:\/\/electricitatcardona.com\/wp-content\/uploads\/2025\/02\/3.png 2048w, https:\/\/electricitatcardona.com\/wp-content\/uploads\/2025\/02\/3-1280x960.png 1280w, https:\/\/electricitatcardona.com\/wp-content\/uploads\/2025\/02\/3-980x735.png 980w, https:\/\/electricitatcardona.com\/wp-content\/uploads\/2025\/02\/3-480x360.png 480w\" data-sizes=\"(min-width: 0px) and (max-width: 480px) 480px, (min-width: 481px) and (max-width: 980px) 980px, (min-width: 981px) and (max-width: 1280px) 1280px, (min-width: 1281px) 2048px, 100vw\" class=\"et-waypoint et_pb_animation_top et_pb_animation_top_tablet et_pb_animation_top_phone wp-image-188 lazyload\" src=\"data:image\/svg+xml;base64,PHN2ZyB3aWR0aD0iMSIgaGVpZ2h0PSIxIiB4bWxucz0iaHR0cDovL3d3dy53My5vcmcvMjAwMC9zdmciPjwvc3ZnPg==\" style=\"--smush-placeholder-width: 2048px; --smush-placeholder-aspect-ratio: 2048\/1536;\" \/><\/span><\/a><\/div>\n\t\t\t\t\t<div class=\"et_pb_blurb_container\">\n\t\t\t\t\t\t<h4 class=\"et_pb_module_header\"><a href=\"#aigua-gas\">Instal\u00b7lacions d'Aigua i Gas<\/a><\/h4>\n\t\t\t\t\t\t<div class=\"et_pb_blurb_description\"><p data-start=\"45\" data-end=\"305\">Oferim solucions segures, eficients i adaptades a les necessitats de cada client, tant per a llars com per a empreses i ind\u00fastries.<\/p>\n<p data-start=\"307\" data-end=\"462\">El nostre equip especialitzat garanteix una <strong>instal\u00b7laci\u00f3 \u00f2ptima<\/strong> i complint totes les <strong>normatives<\/strong> vigents, assegurant un subministrament fiable i eficient.<\/p>\n<p data-start=\"464\" data-end=\"651\">\ud83d\udd39 <strong data-start=\"467\" data-end=\"507\">Sistemes d\u2019aigua potable i sanit\u00e0ria<\/strong><br data-start=\"507\" data-end=\"510\" \/>\ud83d\udd39 <strong data-start=\"513\" data-end=\"552\">Instal\u00b7lacions de gas natural i GLP<\/strong><br data-start=\"552\" data-end=\"555\" \/>\ud83d\udd39 <strong data-start=\"558\" data-end=\"595\">Revisions i manteniment preventiu<\/strong><br data-start=\"595\" data-end=\"598\" \/>\ud83d\udd39 <strong data-start=\"601\" data-end=\"649\">Efici\u00e8ncia energ\u00e8tica i estalvi en el consum<\/strong><\/p>\n<p data-start=\"653\" data-end=\"742\" data-is-last-node=\"\" data-is-only-node=\"\">Confia en la nostra experi\u00e8ncia per gaudir d\u2019un servei segur, eficient i sostenible.\u00a0<\/p><\/div>\n\t\t\t\t\t<\/div>\n\t\t\t\t<\/div>\n\t\t\t<\/div><div class=\"et_pb_with_border et_pb_module et_d4_element et_pb_blurb et_pb_blurb_2 ov-element-item aerotermia  et_pb_text_align_left  et_pb_blurb_position_top et_block_module et_pb_bg_layout_light\">\n\t\t\t\t\n\t\t\t\t\n\t\t\t\t\n\t\t\t\t\n\t\t\t\t<div class=\"et_pb_blurb_content\">\n\t\t\t\t\t<div class=\"et_pb_main_blurb_image et_pb_css_mix_blend_mode\"><a href=\"#aerotermia\"><span class=\"et_pb_image_wrap et_pb_only_image_mode_wrap\"><img decoding=\"async\" width=\"2048\" height=\"1536\" data-src=\"https:\/\/electricitatcardona.com\/wp-content\/uploads\/2025\/02\/1.png\" alt=\"Instal\u00b7laci\u00f3 de descalcificador i sistema d&#039;aerotermia en una casa per millorar l&#039;efici\u00e8ncia energ\u00e8tica.\" data-srcset=\"https:\/\/electricitatcardona.com\/wp-content\/uploads\/2025\/02\/1.png 2048w, https:\/\/electricitatcardona.com\/wp-content\/uploads\/2025\/02\/1-1280x960.png 1280w, https:\/\/electricitatcardona.com\/wp-content\/uploads\/2025\/02\/1-980x735.png 980w, https:\/\/electricitatcardona.com\/wp-content\/uploads\/2025\/02\/1-480x360.png 480w\" data-sizes=\"(min-width: 0px) and (max-width: 480px) 480px, (min-width: 481px) and (max-width: 980px) 980px, (min-width: 981px) and (max-width: 1280px) 1280px, (min-width: 1281px) 2048px, 100vw\" class=\"et-waypoint et_pb_animation_top et_pb_animation_top_tablet et_pb_animation_top_phone wp-image-190 lazyload\" src=\"data:image\/svg+xml;base64,PHN2ZyB3aWR0aD0iMSIgaGVpZ2h0PSIxIiB4bWxucz0iaHR0cDovL3d3dy53My5vcmcvMjAwMC9zdmciPjwvc3ZnPg==\" style=\"--smush-placeholder-width: 2048px; --smush-placeholder-aspect-ratio: 2048\/1536;\" \/><\/span><\/a><\/div>\n\t\t\t\t\t<div class=\"et_pb_blurb_container\">\n\t\t\t\t\t\t<h4 class=\"et_pb_module_header\"><a href=\"#aerotermia\">Aerotermies i Instal\u00b7lacions Complertes<\/a><\/h4>\n\t\t\t\t\t\t<div class=\"et_pb_blurb_description\"><p data-start=\"45\" data-end=\"305\">Instal\u00b7lacions complertes per a vivendes, integrant sistemes d\u2019aerot\u00e8rmia de nova generaci\u00f3 per a calefacci\u00f3, refrigeraci\u00f3 i aigua calenta sanit\u00e0ria.<\/p>\n<p data-start=\"45\" data-end=\"305\">Aquests sistemes eficients utilitzen l\u2019energia renovable de l\u2019aire exterior, garantint estalvi energ\u00e8tic i <strong>reducci\u00f3 de costos a llarg termini<\/strong>, alhora que contribueixen a la sostenibilitat del medi ambient.<\/p>\n<p data-start=\"45\" data-end=\"305\">Aposta per una climatitzaci\u00f3 m\u00e9s neta i econ\u00f2mica amb les nostres solucions d\u2019aerot\u00e8rmia i instal\u00b7lacions integrals per a la teva casa.<\/p><\/div>\n\t\t\t\t\t<\/div>\n\t\t\t\t<\/div>\n\t\t\t<\/div>\n\t\t\t<\/div>\n\t\t\t\t\n\t\t\t\t\n\t\t\t\t\n\t\t\t\t\n\t\t\t<\/div><div class=\"et_d4_element et_pb_row et_pb_row_3  et_pb_css_mix_blend_mode et_block_row\">\n\t\t\t\t<div class=\"et_d4_element et_pb_column_4_4 et_pb_column et_pb_column_3  et_pb_css_mix_blend_mode et-last-child et_block_column\">\n\t\t\t\t\n\t\t\t\t\n\t\t\t\t\n\t\t\t\t\n\t\t\t\t<div class=\"et_pb_module et_d4_element et_pb_code et_pb_code_1\">\n\t\t\t\t\n\t\t\t\t\n\t\t\t\t\n\t\t\t\t\n\t\t\t\t<div class=\"et_pb_code_inner\"><script>\ndocument.addEventListener('DOMContentLoaded', function() {\n  const tabs = document.querySelectorAll('.ov-tab-filter');\n  const galleryItems = document.querySelectorAll('.ov-element-item');\n  showAllItems();\n  tabs.forEach(tab => {\n    tab.addEventListener('click', () => {\n      const filter = tab.getAttribute('data-filter');\n      tabs.forEach(tab => {\n        tab.classList.remove('active');\n      });\n      tab.classList.add('active');\n      galleryItems.forEach(item => {\n        item.style.opacity = 0;\n        item.style.transform = 'translateY(20px)';\n        setTimeout(() => {\n          if (filter === 'all') {\n            item.style.opacity = 1;\n            item.style.transform = 'translateY(0)';\n            item.classList.remove('hide');\n          } else if (item.classList.contains(filter)) {\n            item.style.opacity = 1;\n            item.style.transform = 'translateY(0)';\n            item.classList.remove('hide');\n          } else {\n            item.style.opacity = 0;\n            item.style.transform = 'translateY(20px)';\n            item.classList.add('hide');\n          }\n        }, 300);\n      });\n    });\n  });\n  function showAllItems() {\n    galleryItems.forEach(item => {\n      item.style.opacity = 1;\n      item.style.transform = 'translateY(0)';\n      item.classList.remove('hide');\n    });\n  }\n});\n<\/script><\/div>\n\t\t\t<\/div>\n\t\t\t<\/div>\n\t\t\t\t\n\t\t\t\t\n\t\t\t\t\n\t\t\t\t\n\t\t\t<\/div><div id=\"fototermia\" class=\"et_d4_element et_pb_row et_pb_row_4  et_pb_css_mix_blend_mode et_block_row\">\n\t\t\t\t<div class=\"et_d4_element et_pb_column_4_4 et_pb_column et_pb_column_4  et_pb_css_mix_blend_mode et-last-child et_block_column\">\n\t\t\t\t\n\t\t\t\t\n\t\t\t\t\n\t\t\t\t\n\t\t\t\t<div class=\"et_pb_module et_d4_element et_pb_text et_pb_text_1 et_animated  et_pb_text_align_left et_pb_bg_layout_light\">\n\t\t\t\t\n\t\t\t\t\n\t\t\t\t\n\t\t\t\t\n\t\t\t\t<div class=\"et_pb_text_inner\"><h2 style=\"text-align: center;\">Fotovolt\u00e0ica<\/h2><\/div>\n\t\t\t<\/div><div class=\"et_pb_module et_d4_element et_pb_gallery et_pb_gallery_0 et_animated  et_pb_bg_layout_light et_pb_gallery_grid\">\n\t\t\t\t<div class=\"et_pb_gallery_items et_pb_grid_items et_post_gallery clearfix\" data-per_page=\"12\"><div class=\"et_pb_gallery_item et_pb_grid_item et_pb_bg_layout_light et_pb_css_mix_blend_mode et_pb_gallery_item_0_0\"><div class=\"et_pb_gallery_image landscape\">\n\t\t\t\t\t<a href=\"https:\/\/electricitatcardona.com\/wp-content\/uploads\/2025\/02\/FOTO-1.jpeg\" title=\"Panells solars en nau industrial | Energia renovable\">\n\t\t\t\t\t<img decoding=\"async\" width=\"400\" height=\"284\" data-src=\"https:\/\/electricitatcardona.com\/wp-content\/uploads\/2025\/02\/FOTO-1-400x284.jpeg\" alt=\"Panells solars instal\u00b7lats en una nau industrial per a autoconsum energ\u00e8tic.\" data-srcset=\"https:\/\/electricitatcardona.com\/wp-content\/uploads\/2025\/02\/FOTO-1.jpeg 479w, https:\/\/electricitatcardona.com\/wp-content\/uploads\/2025\/02\/FOTO-1-400x284.jpeg 480w\" data-sizes=\"(max-width:479px) 479px, 100vw\" class=\"wp-image-76 lazyload\" src=\"data:image\/svg+xml;base64,PHN2ZyB3aWR0aD0iMSIgaGVpZ2h0PSIxIiB4bWxucz0iaHR0cDovL3d3dy53My5vcmcvMjAwMC9zdmciPjwvc3ZnPg==\" style=\"--smush-placeholder-width: 400px; --smush-placeholder-aspect-ratio: 400\/284;\" \/>\n\t\t\t\t\t<span class=\"et_overlay et_pb_inline_icon\" data-icon=\"P\"><\/span>\n\t\t\t\t<\/a>\n\t\t\t\t<\/div><\/div><div class=\"et_pb_gallery_item et_pb_grid_item et_pb_bg_layout_light et_pb_css_mix_blend_mode et_pb_gallery_item_0_1\"><div class=\"et_pb_gallery_image landscape\">\n\t\t\t\t\t<a href=\"https:\/\/electricitatcardona.com\/wp-content\/uploads\/2025\/02\/Foto-Plaques-14.jpg\" title=\"Fotovoltaica | Estalvi energ\u00e8tic\">\n\t\t\t\t\t<img decoding=\"async\" width=\"400\" height=\"284\" data-src=\"https:\/\/electricitatcardona.com\/wp-content\/uploads\/2025\/02\/Foto-Plaques-14-400x284.jpg\" alt=\"Plaques solars instal\u00b7lades en una teulada met\u00e0l\u00b7lica d\u2019una nau industrial.\" data-srcset=\"https:\/\/electricitatcardona.com\/wp-content\/uploads\/2025\/02\/Foto-Plaques-14.jpg 479w, https:\/\/electricitatcardona.com\/wp-content\/uploads\/2025\/02\/Foto-Plaques-14-400x284.jpg 480w\" data-sizes=\"(max-width:479px) 479px, 100vw\" class=\"wp-image-130 lazyload\" src=\"data:image\/svg+xml;base64,PHN2ZyB3aWR0aD0iMSIgaGVpZ2h0PSIxIiB4bWxucz0iaHR0cDovL3d3dy53My5vcmcvMjAwMC9zdmciPjwvc3ZnPg==\" style=\"--smush-placeholder-width: 400px; --smush-placeholder-aspect-ratio: 400\/284;\" \/>\n\t\t\t\t\t<span class=\"et_overlay et_pb_inline_icon\" data-icon=\"P\"><\/span>\n\t\t\t\t<\/a>\n\t\t\t\t<\/div><\/div><div class=\"et_pb_gallery_item et_pb_grid_item et_pb_bg_layout_light et_pb_css_mix_blend_mode et_pb_gallery_item_0_2\"><div class=\"et_pb_gallery_image landscape\">\n\t\t\t\t\t<a href=\"https:\/\/electricitatcardona.com\/wp-content\/uploads\/2025\/02\/FOTO-2.jpeg\" title=\"Parc solar en zona rural | Efici\u00e8ncia energ\u00e8tica\">\n\t\t\t\t\t<img decoding=\"async\" width=\"400\" height=\"284\" data-src=\"https:\/\/electricitatcardona.com\/wp-content\/uploads\/2025\/02\/FOTO-2-400x284.jpeg\" alt=\"Parc fotovoltaic en una \u00e0rea rural amb plaques solars d&#039;alt rendiment.\" data-srcset=\"https:\/\/electricitatcardona.com\/wp-content\/uploads\/2025\/02\/FOTO-2.jpeg 479w, https:\/\/electricitatcardona.com\/wp-content\/uploads\/2025\/02\/FOTO-2-400x284.jpeg 480w\" data-sizes=\"(max-width:479px) 479px, 100vw\" class=\"wp-image-77 lazyload\" src=\"data:image\/svg+xml;base64,PHN2ZyB3aWR0aD0iMSIgaGVpZ2h0PSIxIiB4bWxucz0iaHR0cDovL3d3dy53My5vcmcvMjAwMC9zdmciPjwvc3ZnPg==\" style=\"--smush-placeholder-width: 400px; --smush-placeholder-aspect-ratio: 400\/284;\" \/>\n\t\t\t\t\t<span class=\"et_overlay et_pb_inline_icon\" data-icon=\"P\"><\/span>\n\t\t\t\t<\/a>\n\t\t\t\t<\/div><\/div><div class=\"et_pb_gallery_item et_pb_grid_item et_pb_bg_layout_light et_pb_css_mix_blend_mode et_pb_gallery_item_0_3\"><div class=\"et_pb_gallery_image landscape\">\n\t\t\t\t\t<a href=\"https:\/\/electricitatcardona.com\/wp-content\/uploads\/2025\/02\/foto-3.jpeg\" title=\"Energia solar per a llars | Instal\u00b7laci\u00f3 fotovoltaica\">\n\t\t\t\t\t<img decoding=\"async\" width=\"400\" height=\"284\" data-src=\"https:\/\/electricitatcardona.com\/wp-content\/uploads\/2025\/02\/foto-3-400x284.jpeg\" alt=\"Panells solars instal\u00b7lats en el terrat d\u2019una casa particular per autoconsum.\" data-srcset=\"https:\/\/electricitatcardona.com\/wp-content\/uploads\/2025\/02\/foto-3.jpeg 479w, https:\/\/electricitatcardona.com\/wp-content\/uploads\/2025\/02\/foto-3-400x284.jpeg 480w\" data-sizes=\"(max-width:479px) 479px, 100vw\" class=\"wp-image-78 lazyload\" src=\"data:image\/svg+xml;base64,PHN2ZyB3aWR0aD0iMSIgaGVpZ2h0PSIxIiB4bWxucz0iaHR0cDovL3d3dy53My5vcmcvMjAwMC9zdmciPjwvc3ZnPg==\" style=\"--smush-placeholder-width: 400px; --smush-placeholder-aspect-ratio: 400\/284;\" \/>\n\t\t\t\t\t<span class=\"et_overlay et_pb_inline_icon\" data-icon=\"P\"><\/span>\n\t\t\t\t<\/a>\n\t\t\t\t<\/div><\/div><div class=\"et_pb_gallery_item et_pb_grid_item et_pb_bg_layout_light et_pb_css_mix_blend_mode et_pb_gallery_item_0_4\"><div class=\"et_pb_gallery_image landscape\">\n\t\t\t\t\t<a href=\"https:\/\/electricitatcardona.com\/wp-content\/uploads\/2025\/02\/Foto-Plaques-15.jpg\" title=\"Manteniment d\u2019instal\u00b7lacions solars | Efici\u00e8ncia garantida\">\n\t\t\t\t\t<img decoding=\"async\" width=\"400\" height=\"284\" data-src=\"https:\/\/electricitatcardona.com\/wp-content\/uploads\/2025\/02\/Foto-Plaques-15-400x284.jpg\" alt=\"Especialista revisant el funcionament d\u2019un sistema de plaques solars.\" data-srcset=\"https:\/\/electricitatcardona.com\/wp-content\/uploads\/2025\/02\/Foto-Plaques-15.jpg 479w, https:\/\/electricitatcardona.com\/wp-content\/uploads\/2025\/02\/Foto-Plaques-15-400x284.jpg 480w\" data-sizes=\"(max-width:479px) 479px, 100vw\" class=\"wp-image-131 lazyload\" src=\"data:image\/svg+xml;base64,PHN2ZyB3aWR0aD0iMSIgaGVpZ2h0PSIxIiB4bWxucz0iaHR0cDovL3d3dy53My5vcmcvMjAwMC9zdmciPjwvc3ZnPg==\" style=\"--smush-placeholder-width: 400px; --smush-placeholder-aspect-ratio: 400\/284;\" \/>\n\t\t\t\t\t<span class=\"et_overlay et_pb_inline_icon\" data-icon=\"P\"><\/span>\n\t\t\t\t<\/a>\n\t\t\t\t<\/div><\/div><div class=\"et_pb_gallery_item et_pb_grid_item et_pb_bg_layout_light et_pb_css_mix_blend_mode et_pb_gallery_item_0_5\"><div class=\"et_pb_gallery_image landscape\">\n\t\t\t\t\t<a href=\"https:\/\/electricitatcardona.com\/wp-content\/uploads\/2025\/02\/FOTO-5.jpg\" title=\"Autoconsum fotovoltaic en empreses | Energia neta\">\n\t\t\t\t\t<img decoding=\"async\" width=\"400\" height=\"284\" data-src=\"https:\/\/electricitatcardona.com\/wp-content\/uploads\/2025\/02\/FOTO-5-400x284.jpg\" alt=\"Instal\u00b7laci\u00f3 solar en una empresa per reduir la depend\u00e8ncia de la xarxa el\u00e8ctrica.\" data-srcset=\"https:\/\/electricitatcardona.com\/wp-content\/uploads\/2025\/02\/FOTO-5.jpg 479w, https:\/\/electricitatcardona.com\/wp-content\/uploads\/2025\/02\/FOTO-5-400x284.jpg 480w\" data-sizes=\"(max-width:479px) 479px, 100vw\" class=\"wp-image-120 lazyload\" src=\"data:image\/svg+xml;base64,PHN2ZyB3aWR0aD0iMSIgaGVpZ2h0PSIxIiB4bWxucz0iaHR0cDovL3d3dy53My5vcmcvMjAwMC9zdmciPjwvc3ZnPg==\" style=\"--smush-placeholder-width: 400px; --smush-placeholder-aspect-ratio: 400\/284;\" \/>\n\t\t\t\t\t<span class=\"et_overlay et_pb_inline_icon\" data-icon=\"P\"><\/span>\n\t\t\t\t<\/a>\n\t\t\t\t<\/div><\/div><div class=\"et_pb_gallery_item et_pb_grid_item et_pb_bg_layout_light et_pb_css_mix_blend_mode et_pb_gallery_item_0_6\"><div class=\"et_pb_gallery_image landscape\">\n\t\t\t\t\t<a href=\"https:\/\/electricitatcardona.com\/wp-content\/uploads\/2025\/02\/Foto-Plaques-12.jpg\" title=\"Connexi\u00f3 de sistema solar | Autoconsum energ\u00e8tic\">\n\t\t\t\t\t<img decoding=\"async\" width=\"400\" height=\"284\" data-src=\"https:\/\/electricitatcardona.com\/wp-content\/uploads\/2025\/02\/Foto-Plaques-12-400x284.jpg\" alt=\"T\u00e8cnic connectant una instal\u00b7laci\u00f3 solar a la xarxa el\u00e8ctrica\" data-srcset=\"https:\/\/electricitatcardona.com\/wp-content\/uploads\/2025\/02\/Foto-Plaques-12.jpg 479w, https:\/\/electricitatcardona.com\/wp-content\/uploads\/2025\/02\/Foto-Plaques-12-400x284.jpg 480w\" data-sizes=\"(max-width:479px) 479px, 100vw\" class=\"wp-image-128 lazyload\" src=\"data:image\/svg+xml;base64,PHN2ZyB3aWR0aD0iMSIgaGVpZ2h0PSIxIiB4bWxucz0iaHR0cDovL3d3dy53My5vcmcvMjAwMC9zdmciPjwvc3ZnPg==\" style=\"--smush-placeholder-width: 400px; --smush-placeholder-aspect-ratio: 400\/284;\" \/>\n\t\t\t\t\t<span class=\"et_overlay et_pb_inline_icon\" data-icon=\"P\"><\/span>\n\t\t\t\t<\/a>\n\t\t\t\t<\/div><\/div><div class=\"et_pb_gallery_item et_pb_grid_item et_pb_bg_layout_light et_pb_css_mix_blend_mode et_pb_gallery_item_0_7\"><div class=\"et_pb_gallery_image landscape\">\n\t\t\t\t\t<a href=\"https:\/\/electricitatcardona.com\/wp-content\/uploads\/2025\/02\/Foto-Plaques-11.jpg\" title=\"Instal\u00b7laci\u00f3 solar en habitatge | Energia neta\">\n\t\t\t\t\t<img decoding=\"async\" width=\"400\" height=\"284\" data-src=\"https:\/\/electricitatcardona.com\/wp-content\/uploads\/2025\/02\/Foto-Plaques-11-400x284.jpg\" alt=\"Instal\u00b7laci\u00f3 de panells solars en una casa amb estructures de suport\" data-srcset=\"https:\/\/electricitatcardona.com\/wp-content\/uploads\/2025\/02\/Foto-Plaques-11.jpg 479w, https:\/\/electricitatcardona.com\/wp-content\/uploads\/2025\/02\/Foto-Plaques-11-400x284.jpg 480w\" data-sizes=\"(max-width:479px) 479px, 100vw\" class=\"wp-image-127 lazyload\" src=\"data:image\/svg+xml;base64,PHN2ZyB3aWR0aD0iMSIgaGVpZ2h0PSIxIiB4bWxucz0iaHR0cDovL3d3dy53My5vcmcvMjAwMC9zdmciPjwvc3ZnPg==\" style=\"--smush-placeholder-width: 400px; --smush-placeholder-aspect-ratio: 400\/284;\" \/>\n\t\t\t\t\t<span class=\"et_overlay et_pb_inline_icon\" data-icon=\"P\"><\/span>\n\t\t\t\t<\/a>\n\t\t\t\t<\/div><\/div><div class=\"et_pb_gallery_item et_pb_grid_item et_pb_bg_layout_light et_pb_css_mix_blend_mode et_pb_gallery_item_0_8\"><div class=\"et_pb_gallery_image landscape\">\n\t\t\t\t\t<a href=\"https:\/\/electricitatcardona.com\/wp-content\/uploads\/2025\/02\/Foto-Plaques-10.jpg\" title=\"Panells solars | Major captaci\u00f3 d\u2019energia\">\n\t\t\t\t\t<img decoding=\"async\" width=\"400\" height=\"284\" data-src=\"https:\/\/electricitatcardona.com\/wp-content\/uploads\/2025\/02\/Foto-Plaques-10-400x284.jpg\" alt=\"Panells solars bifacials captant llum solar per ambdues cares.\" data-srcset=\"https:\/\/electricitatcardona.com\/wp-content\/uploads\/2025\/02\/Foto-Plaques-10.jpg 479w, https:\/\/electricitatcardona.com\/wp-content\/uploads\/2025\/02\/Foto-Plaques-10-400x284.jpg 480w\" data-sizes=\"(max-width:479px) 479px, 100vw\" class=\"wp-image-126 lazyload\" src=\"data:image\/svg+xml;base64,PHN2ZyB3aWR0aD0iMSIgaGVpZ2h0PSIxIiB4bWxucz0iaHR0cDovL3d3dy53My5vcmcvMjAwMC9zdmciPjwvc3ZnPg==\" style=\"--smush-placeholder-width: 400px; --smush-placeholder-aspect-ratio: 400\/284;\" \/>\n\t\t\t\t\t<span class=\"et_overlay et_pb_inline_icon\" data-icon=\"P\"><\/span>\n\t\t\t\t<\/a>\n\t\t\t\t<\/div><\/div><div class=\"et_pb_gallery_item et_pb_grid_item et_pb_bg_layout_light et_pb_css_mix_blend_mode et_pb_gallery_item_0_9\"><div class=\"et_pb_gallery_image landscape\">\n\t\t\t\t\t<a href=\"https:\/\/electricitatcardona.com\/wp-content\/uploads\/2025\/02\/foto-12.jpg\" title=\"foto 12\">\n\t\t\t\t\t<img decoding=\"async\" width=\"400\" height=\"284\" data-src=\"https:\/\/electricitatcardona.com\/wp-content\/uploads\/2025\/02\/foto-12-400x284.jpg\" data-srcset=\"https:\/\/electricitatcardona.com\/wp-content\/uploads\/2025\/02\/foto-12.jpg 479w, https:\/\/electricitatcardona.com\/wp-content\/uploads\/2025\/02\/foto-12-400x284.jpg 480w\" data-sizes=\"(max-width:479px) 479px, 100vw\" class=\"wp-image-124 lazyload\" src=\"data:image\/svg+xml;base64,PHN2ZyB3aWR0aD0iMSIgaGVpZ2h0PSIxIiB4bWxucz0iaHR0cDovL3d3dy53My5vcmcvMjAwMC9zdmciPjwvc3ZnPg==\" style=\"--smush-placeholder-width: 400px; --smush-placeholder-aspect-ratio: 400\/284;\" \/>\n\t\t\t\t\t<span class=\"et_overlay et_pb_inline_icon\" data-icon=\"P\"><\/span>\n\t\t\t\t<\/a>\n\t\t\t\t<\/div><\/div><div class=\"et_pb_gallery_item et_pb_grid_item et_pb_bg_layout_light et_pb_css_mix_blend_mode et_pb_gallery_item_0_10\"><div class=\"et_pb_gallery_image landscape\">\n\t\t\t\t\t<a href=\"https:\/\/electricitatcardona.com\/wp-content\/uploads\/2025\/02\/Foto-Plaques-13.jpg\" title=\"Autoconsum col\u00b7lectiu | Energia solar per comunitats\">\n\t\t\t\t\t<img decoding=\"async\" width=\"400\" height=\"284\" data-src=\"https:\/\/electricitatcardona.com\/wp-content\/uploads\/2025\/02\/Foto-Plaques-13-400x284.jpg\" alt=\"Energia solar compartida en una comunitat de ve\u00efns.\" data-srcset=\"https:\/\/electricitatcardona.com\/wp-content\/uploads\/2025\/02\/Foto-Plaques-13.jpg 479w, https:\/\/electricitatcardona.com\/wp-content\/uploads\/2025\/02\/Foto-Plaques-13-400x284.jpg 480w\" data-sizes=\"(max-width:479px) 479px, 100vw\" class=\"wp-image-129 lazyload\" src=\"data:image\/svg+xml;base64,PHN2ZyB3aWR0aD0iMSIgaGVpZ2h0PSIxIiB4bWxucz0iaHR0cDovL3d3dy53My5vcmcvMjAwMC9zdmciPjwvc3ZnPg==\" style=\"--smush-placeholder-width: 400px; --smush-placeholder-aspect-ratio: 400\/284;\" \/>\n\t\t\t\t\t<span class=\"et_overlay et_pb_inline_icon\" data-icon=\"P\"><\/span>\n\t\t\t\t<\/a>\n\t\t\t\t<\/div><\/div><div class=\"et_pb_gallery_item et_pb_grid_item et_pb_bg_layout_light et_pb_css_mix_blend_mode et_pb_gallery_item_0_11\"><div class=\"et_pb_gallery_image landscape\">\n\t\t\t\t\t<a href=\"https:\/\/electricitatcardona.com\/wp-content\/uploads\/2025\/02\/FOTO-8.jpeg\" title=\"Energia solar per a naus industrials | Efici\u00e8ncia energ\u00e8tica\">\n\t\t\t\t\t<img decoding=\"async\" width=\"400\" height=\"284\" data-src=\"https:\/\/electricitatcardona.com\/wp-content\/uploads\/2025\/02\/FOTO-8-400x284.jpeg\" alt=\"Sistema de panells solars en una nau industrial per autoconsum\" data-srcset=\"https:\/\/electricitatcardona.com\/wp-content\/uploads\/2025\/02\/FOTO-8.jpeg 479w, https:\/\/electricitatcardona.com\/wp-content\/uploads\/2025\/02\/FOTO-8-400x284.jpeg 480w\" data-sizes=\"(max-width:479px) 479px, 100vw\" class=\"wp-image-123 lazyload\" src=\"data:image\/svg+xml;base64,PHN2ZyB3aWR0aD0iMSIgaGVpZ2h0PSIxIiB4bWxucz0iaHR0cDovL3d3dy53My5vcmcvMjAwMC9zdmciPjwvc3ZnPg==\" style=\"--smush-placeholder-width: 400px; --smush-placeholder-aspect-ratio: 400\/284;\" \/>\n\t\t\t\t\t<span class=\"et_overlay et_pb_inline_icon\" data-icon=\"P\"><\/span>\n\t\t\t\t<\/a>\n\t\t\t\t<\/div><\/div><div class=\"et_pb_gallery_item et_pb_grid_item et_pb_bg_layout_light et_pb_css_mix_blend_mode et_pb_gallery_item_0_12\"><div class=\"et_pb_gallery_image landscape\">\n\t\t\t\t\t<a href=\"https:\/\/electricitatcardona.com\/wp-content\/uploads\/2025\/02\/FOTO-7.jpg\" title=\"FOTO 7\">\n\t\t\t\t\t<img decoding=\"async\" width=\"400\" height=\"284\" data-src=\"https:\/\/electricitatcardona.com\/wp-content\/uploads\/2025\/02\/FOTO-7-400x284.jpg\" alt=\"P\u00e8rgola amb panells solars integrada en una zona exterior.\" data-srcset=\"https:\/\/electricitatcardona.com\/wp-content\/uploads\/2025\/02\/FOTO-7.jpg 479w, https:\/\/electricitatcardona.com\/wp-content\/uploads\/2025\/02\/FOTO-7-400x284.jpg 480w\" data-sizes=\"(max-width:479px) 479px, 100vw\" class=\"wp-image-122 lazyload\" src=\"data:image\/svg+xml;base64,PHN2ZyB3aWR0aD0iMSIgaGVpZ2h0PSIxIiB4bWxucz0iaHR0cDovL3d3dy53My5vcmcvMjAwMC9zdmciPjwvc3ZnPg==\" style=\"--smush-placeholder-width: 400px; --smush-placeholder-aspect-ratio: 400\/284;\" \/>\n\t\t\t\t\t<span class=\"et_overlay et_pb_inline_icon\" data-icon=\"P\"><\/span>\n\t\t\t\t<\/a>\n\t\t\t\t<\/div><\/div><div class=\"et_pb_gallery_item et_pb_grid_item et_pb_bg_layout_light et_pb_css_mix_blend_mode et_pb_gallery_item_0_13\"><div class=\"et_pb_gallery_image landscape\">\n\t\t\t\t\t<a href=\"https:\/\/electricitatcardona.com\/wp-content\/uploads\/2025\/02\/FOTO-6.jpg\" title=\"Panells solars amb bateria | Energia 24\/7\">\n\t\t\t\t\t<img decoding=\"async\" width=\"400\" height=\"284\" data-src=\"https:\/\/electricitatcardona.com\/wp-content\/uploads\/2025\/02\/FOTO-6-400x284.jpg\" alt=\"Sistema d\u2019energia solar amb bateries per emmagatzemar electricitat.\" data-srcset=\"https:\/\/electricitatcardona.com\/wp-content\/uploads\/2025\/02\/FOTO-6.jpg 479w, https:\/\/electricitatcardona.com\/wp-content\/uploads\/2025\/02\/FOTO-6-400x284.jpg 480w\" data-sizes=\"(max-width:479px) 479px, 100vw\" class=\"wp-image-121 lazyload\" src=\"data:image\/svg+xml;base64,PHN2ZyB3aWR0aD0iMSIgaGVpZ2h0PSIxIiB4bWxucz0iaHR0cDovL3d3dy53My5vcmcvMjAwMC9zdmciPjwvc3ZnPg==\" style=\"--smush-placeholder-width: 400px; --smush-placeholder-aspect-ratio: 400\/284;\" \/>\n\t\t\t\t\t<span class=\"et_overlay et_pb_inline_icon\" data-icon=\"P\"><\/span>\n\t\t\t\t<\/a>\n\t\t\t\t<\/div><\/div><div class=\"et_pb_gallery_item et_pb_grid_item et_pb_bg_layout_light et_pb_css_mix_blend_mode et_pb_gallery_item_0_14\"><div class=\"et_pb_gallery_image landscape\">\n\t\t\t\t\t<a href=\"https:\/\/electricitatcardona.com\/wp-content\/uploads\/2025\/02\/foto-4.jpeg\" title=\"Fotovoltaica en coberta plana | Energia solar\">\n\t\t\t\t\t<img decoding=\"async\" width=\"400\" height=\"284\" data-src=\"https:\/\/electricitatcardona.com\/wp-content\/uploads\/2025\/02\/foto-4-400x284.jpeg\" alt=\"Panells solars en una coberta plana optimitzats per captar el m\u00e0xim d\u2019energia\" data-srcset=\"https:\/\/electricitatcardona.com\/wp-content\/uploads\/2025\/02\/foto-4.jpeg 479w, https:\/\/electricitatcardona.com\/wp-content\/uploads\/2025\/02\/foto-4-400x284.jpeg 480w\" data-sizes=\"(max-width:479px) 479px, 100vw\" class=\"wp-image-119 lazyload\" src=\"data:image\/svg+xml;base64,PHN2ZyB3aWR0aD0iMSIgaGVpZ2h0PSIxIiB4bWxucz0iaHR0cDovL3d3dy53My5vcmcvMjAwMC9zdmciPjwvc3ZnPg==\" style=\"--smush-placeholder-width: 400px; --smush-placeholder-aspect-ratio: 400\/284;\" \/>\n\t\t\t\t\t<span class=\"et_overlay et_pb_inline_icon\" data-icon=\"P\"><\/span>\n\t\t\t\t<\/a>\n\t\t\t\t<\/div><\/div><\/div><div class=\"et_pb_gallery_pagination\"><\/div><\/div>\n\t\t\t<\/div>\n\t\t\t\t\n\t\t\t\t\n\t\t\t\t\n\t\t\t\t\n\t\t\t<\/div><div id=\"aigua-gas\" class=\"et_d4_element et_pb_row et_pb_row_5  et_pb_css_mix_blend_mode et_block_row\">\n\t\t\t\t<div class=\"et_d4_element et_pb_column_4_4 et_pb_column et_pb_column_5  et_pb_css_mix_blend_mode et-last-child et_block_column\">\n\t\t\t\t\n\t\t\t\t\n\t\t\t\t\n\t\t\t\t\n\t\t\t\t<div class=\"et_pb_module et_d4_element et_pb_text et_pb_text_2 et_animated  et_pb_text_align_left et_pb_bg_layout_light\">\n\t\t\t\t\n\t\t\t\t\n\t\t\t\t\n\t\t\t\t\n\t\t\t\t<div class=\"et_pb_text_inner\"><h2 style=\"text-align: center;\">Instal\u00b7lacions d'Aigua i Gas<\/h2><\/div>\n\t\t\t<\/div><div class=\"et_pb_module et_d4_element et_pb_gallery et_pb_gallery_1 et_animated  et_pb_bg_layout_light et_pb_gallery_grid\">\n\t\t\t\t<div class=\"et_pb_gallery_items et_pb_grid_items et_post_gallery clearfix\" data-per_page=\"12\"><div class=\"et_pb_gallery_item et_pb_grid_item et_pb_bg_layout_light et_pb_css_mix_blend_mode et_pb_gallery_item_1_0\"><div class=\"et_pb_gallery_image landscape\">\n\t\t\t\t\t<a href=\"https:\/\/electricitatcardona.com\/wp-content\/uploads\/2025\/02\/Canvi-Acumulador-escola-2.jpeg\" title=\"Canvi d\u2019Acumulador | Millora del subministrament d\u2019aigua calenta\">\n\t\t\t\t\t<img decoding=\"async\" width=\"400\" height=\"284\" data-src=\"https:\/\/electricitatcardona.com\/wp-content\/uploads\/2025\/02\/Canvi-Acumulador-escola-2-400x284.jpeg\" alt=\"Contacte Instal\u00b7laci\u00f3 d\u2019un nou acumulador d\u2019aigua a l\u2019escola per millorar el subministrament d\u2019aigua calenta.\" data-srcset=\"https:\/\/electricitatcardona.com\/wp-content\/uploads\/2025\/02\/Canvi-Acumulador-escola-2.jpeg 479w, https:\/\/electricitatcardona.com\/wp-content\/uploads\/2025\/02\/Canvi-Acumulador-escola-2-400x284.jpeg 480w\" data-sizes=\"(max-width:479px) 479px, 100vw\" class=\"wp-image-149 lazyload\" src=\"data:image\/svg+xml;base64,PHN2ZyB3aWR0aD0iMSIgaGVpZ2h0PSIxIiB4bWxucz0iaHR0cDovL3d3dy53My5vcmcvMjAwMC9zdmciPjwvc3ZnPg==\" style=\"--smush-placeholder-width: 400px; --smush-placeholder-aspect-ratio: 400\/284;\" \/>\n\t\t\t\t\t<span class=\"et_overlay et_pb_inline_icon\" data-icon=\"P\"><\/span>\n\t\t\t\t<\/a>\n\t\t\t\t<\/div><\/div><div class=\"et_pb_gallery_item et_pb_grid_item et_pb_bg_layout_light et_pb_css_mix_blend_mode et_pb_gallery_item_1_1\"><div class=\"et_pb_gallery_image landscape\">\n\t\t\t\t\t<a href=\"https:\/\/electricitatcardona.com\/wp-content\/uploads\/2025\/02\/instal.-calderas-casa-rural-2.jpeg\" title=\"Instal\u00b7laci\u00f3 de calderes per a casa rural | Soluci\u00f3 de calefacci\u00f3 sostenible\">\n\t\t\t\t\t<img decoding=\"async\" width=\"400\" height=\"284\" data-src=\"https:\/\/electricitatcardona.com\/wp-content\/uploads\/2025\/02\/instal.-calderas-casa-rural-2-400x284.jpeg\" alt=\"Instal\u00b7laci\u00f3 de calderes en una casa rural per a una calefacci\u00f3 eficient i sostenible.\" data-srcset=\"https:\/\/electricitatcardona.com\/wp-content\/uploads\/2025\/02\/instal.-calderas-casa-rural-2.jpeg 479w, https:\/\/electricitatcardona.com\/wp-content\/uploads\/2025\/02\/instal.-calderas-casa-rural-2-400x284.jpeg 480w\" data-sizes=\"(max-width:479px) 479px, 100vw\" class=\"wp-image-152 lazyload\" src=\"data:image\/svg+xml;base64,PHN2ZyB3aWR0aD0iMSIgaGVpZ2h0PSIxIiB4bWxucz0iaHR0cDovL3d3dy53My5vcmcvMjAwMC9zdmciPjwvc3ZnPg==\" style=\"--smush-placeholder-width: 400px; --smush-placeholder-aspect-ratio: 400\/284;\" \/>\n\t\t\t\t\t<span class=\"et_overlay et_pb_inline_icon\" data-icon=\"P\"><\/span>\n\t\t\t\t<\/a>\n\t\t\t\t<\/div><\/div><div class=\"et_pb_gallery_item et_pb_grid_item et_pb_bg_layout_light et_pb_css_mix_blend_mode et_pb_gallery_item_1_2\"><div class=\"et_pb_gallery_image landscape\">\n\t\t\t\t\t<a href=\"https:\/\/electricitatcardona.com\/wp-content\/uploads\/2025\/02\/Caldera-Vaillant.jpeg\" title=\"Caldera Vaillant | Efici\u00e8ncia i confort a casa\">\n\t\t\t\t\t<img decoding=\"async\" width=\"400\" height=\"284\" data-src=\"https:\/\/electricitatcardona.com\/wp-content\/uploads\/2025\/02\/Caldera-Vaillant-400x284.jpeg\" alt=\"Caldera Vaillant instal\u00b7lada en un sistema de calefacci\u00f3 residencial.\" data-srcset=\"https:\/\/electricitatcardona.com\/wp-content\/uploads\/2025\/02\/Caldera-Vaillant.jpeg 479w, https:\/\/electricitatcardona.com\/wp-content\/uploads\/2025\/02\/Caldera-Vaillant-400x284.jpeg 480w\" data-sizes=\"(max-width:479px) 479px, 100vw\" class=\"wp-image-148 lazyload\" src=\"data:image\/svg+xml;base64,PHN2ZyB3aWR0aD0iMSIgaGVpZ2h0PSIxIiB4bWxucz0iaHR0cDovL3d3dy53My5vcmcvMjAwMC9zdmciPjwvc3ZnPg==\" style=\"--smush-placeholder-width: 400px; --smush-placeholder-aspect-ratio: 400\/284;\" \/>\n\t\t\t\t\t<span class=\"et_overlay et_pb_inline_icon\" data-icon=\"P\"><\/span>\n\t\t\t\t<\/a>\n\t\t\t\t<\/div><\/div><div class=\"et_pb_gallery_item et_pb_grid_item et_pb_bg_layout_light et_pb_css_mix_blend_mode et_pb_gallery_item_1_3\"><div class=\"et_pb_gallery_image landscape\">\n\t\t\t\t\t<a href=\"https:\/\/electricitatcardona.com\/wp-content\/uploads\/2025\/02\/Instal.-2-pisos-Descalcificacdor-caldera-diposit-inercia-1.jpg\" title=\"Instal\u00b7laci\u00f3 completa per a dos pisos | Descalcificador, caldera i dip\u00f2sit d\u2019in\u00e8rcia\">\n\t\t\t\t\t<img decoding=\"async\" width=\"400\" height=\"284\" data-src=\"https:\/\/electricitatcardona.com\/wp-content\/uploads\/2025\/02\/Instal.-2-pisos-Descalcificacdor-caldera-diposit-inercia-1-400x284.jpg\" alt=\"Instal\u00b7laci\u00f3 de descalcificador, caldera i dip\u00f2sit d\u2019in\u00e8rcia en un sistema de calefacci\u00f3 per a dos pisos.\" data-srcset=\"https:\/\/electricitatcardona.com\/wp-content\/uploads\/2025\/02\/Instal.-2-pisos-Descalcificacdor-caldera-diposit-inercia-1.jpg 479w, https:\/\/electricitatcardona.com\/wp-content\/uploads\/2025\/02\/Instal.-2-pisos-Descalcificacdor-caldera-diposit-inercia-1-400x284.jpg 480w\" data-sizes=\"(max-width:479px) 479px, 100vw\" class=\"wp-image-150 lazyload\" src=\"data:image\/svg+xml;base64,PHN2ZyB3aWR0aD0iMSIgaGVpZ2h0PSIxIiB4bWxucz0iaHR0cDovL3d3dy53My5vcmcvMjAwMC9zdmciPjwvc3ZnPg==\" style=\"--smush-placeholder-width: 400px; --smush-placeholder-aspect-ratio: 400\/284;\" \/>\n\t\t\t\t\t<span class=\"et_overlay et_pb_inline_icon\" data-icon=\"P\"><\/span>\n\t\t\t\t<\/a>\n\t\t\t\t<\/div><\/div><div class=\"et_pb_gallery_item et_pb_grid_item et_pb_bg_layout_light et_pb_css_mix_blend_mode et_pb_gallery_item_1_4\"><div class=\"et_pb_gallery_image landscape\">\n\t\t\t\t\t<a href=\"https:\/\/electricitatcardona.com\/wp-content\/uploads\/2025\/02\/Instal.-2-pisos-Descalcificacdor-caldera-diposit-inercia-2.jpg\" title=\"Sistema de calefacci\u00f3 complet per a dos pisos | Descalcificador, caldera i dip\u00f2sit d\u2019in\u00e8rcia\">\n\t\t\t\t\t<img decoding=\"async\" width=\"400\" height=\"284\" data-src=\"https:\/\/electricitatcardona.com\/wp-content\/uploads\/2025\/02\/Instal.-2-pisos-Descalcificacdor-caldera-diposit-inercia-2-400x284.jpg\" alt=\"Instal\u00b7laci\u00f3 de descalcificador, caldera i dip\u00f2sit d\u2019in\u00e8rcia en dos pisos per a un sistema de calefacci\u00f3 \u00f2ptim.\" data-srcset=\"https:\/\/electricitatcardona.com\/wp-content\/uploads\/2025\/02\/Instal.-2-pisos-Descalcificacdor-caldera-diposit-inercia-2.jpg 479w, https:\/\/electricitatcardona.com\/wp-content\/uploads\/2025\/02\/Instal.-2-pisos-Descalcificacdor-caldera-diposit-inercia-2-400x284.jpg 480w\" data-sizes=\"(max-width:479px) 479px, 100vw\" class=\"wp-image-151 lazyload\" src=\"data:image\/svg+xml;base64,PHN2ZyB3aWR0aD0iMSIgaGVpZ2h0PSIxIiB4bWxucz0iaHR0cDovL3d3dy53My5vcmcvMjAwMC9zdmciPjwvc3ZnPg==\" style=\"--smush-placeholder-width: 400px; --smush-placeholder-aspect-ratio: 400\/284;\" \/>\n\t\t\t\t\t<span class=\"et_overlay et_pb_inline_icon\" data-icon=\"P\"><\/span>\n\t\t\t\t<\/a>\n\t\t\t\t<\/div><\/div><div class=\"et_pb_gallery_item et_pb_grid_item et_pb_bg_layout_light et_pb_css_mix_blend_mode et_pb_gallery_item_1_5\"><div class=\"et_pb_gallery_image landscape\">\n\t\t\t\t\t<a href=\"https:\/\/electricitatcardona.com\/wp-content\/uploads\/2025\/02\/BOMBA-AIGUA-PER-POU.jpeg\" title=\"Bomba d\u2019aigua per pou | Subministrament constant\">\n\t\t\t\t\t<img decoding=\"async\" width=\"400\" height=\"284\" data-src=\"https:\/\/electricitatcardona.com\/wp-content\/uploads\/2025\/02\/BOMBA-AIGUA-PER-POU-400x284.jpeg\" alt=\"Sistema de bomba d\u2019aigua instal\u00b7lat en un pou per a extracci\u00f3 eficient.\" data-srcset=\"https:\/\/electricitatcardona.com\/wp-content\/uploads\/2025\/02\/BOMBA-AIGUA-PER-POU.jpeg 479w, https:\/\/electricitatcardona.com\/wp-content\/uploads\/2025\/02\/BOMBA-AIGUA-PER-POU-400x284.jpeg 480w\" data-sizes=\"(max-width:479px) 479px, 100vw\" class=\"wp-image-147 lazyload\" src=\"data:image\/svg+xml;base64,PHN2ZyB3aWR0aD0iMSIgaGVpZ2h0PSIxIiB4bWxucz0iaHR0cDovL3d3dy53My5vcmcvMjAwMC9zdmciPjwvc3ZnPg==\" style=\"--smush-placeholder-width: 400px; --smush-placeholder-aspect-ratio: 400\/284;\" \/>\n\t\t\t\t\t<span class=\"et_overlay et_pb_inline_icon\" data-icon=\"P\"><\/span>\n\t\t\t\t<\/a>\n\t\t\t\t<\/div><\/div><div class=\"et_pb_gallery_item et_pb_grid_item et_pb_bg_layout_light et_pb_css_mix_blend_mode et_pb_gallery_item_1_6\"><div class=\"et_pb_gallery_image landscape\">\n\t\t\t\t\t<a href=\"https:\/\/electricitatcardona.com\/wp-content\/uploads\/2025\/02\/Foto-Plaques-15.jpg\" title=\"Manteniment d\u2019instal\u00b7lacions solars | Efici\u00e8ncia garantida\">\n\t\t\t\t\t<img decoding=\"async\" width=\"400\" height=\"284\" data-src=\"https:\/\/electricitatcardona.com\/wp-content\/uploads\/2025\/02\/Foto-Plaques-15-400x284.jpg\" alt=\"Especialista revisant el funcionament d\u2019un sistema de plaques solars.\" data-srcset=\"https:\/\/electricitatcardona.com\/wp-content\/uploads\/2025\/02\/Foto-Plaques-15.jpg 479w, https:\/\/electricitatcardona.com\/wp-content\/uploads\/2025\/02\/Foto-Plaques-15-400x284.jpg 480w\" data-sizes=\"(max-width:479px) 479px, 100vw\" class=\"wp-image-131 lazyload\" src=\"data:image\/svg+xml;base64,PHN2ZyB3aWR0aD0iMSIgaGVpZ2h0PSIxIiB4bWxucz0iaHR0cDovL3d3dy53My5vcmcvMjAwMC9zdmciPjwvc3ZnPg==\" style=\"--smush-placeholder-width: 400px; --smush-placeholder-aspect-ratio: 400\/284;\" \/>\n\t\t\t\t\t<span class=\"et_overlay et_pb_inline_icon\" data-icon=\"P\"><\/span>\n\t\t\t\t<\/a>\n\t\t\t\t<\/div><\/div><div class=\"et_pb_gallery_item et_pb_grid_item et_pb_bg_layout_light et_pb_css_mix_blend_mode et_pb_gallery_item_1_7\"><div class=\"et_pb_gallery_image landscape\">\n\t\t\t\t\t<a href=\"https:\/\/electricitatcardona.com\/wp-content\/uploads\/2025\/02\/instal.-calderas-casa-rural.jpeg\" title=\"Calderes per a Casa Rural | Soluci\u00f3 energ\u00e8tica eficient\">\n\t\t\t\t\t<img decoding=\"async\" width=\"400\" height=\"284\" data-src=\"https:\/\/electricitatcardona.com\/wp-content\/uploads\/2025\/02\/instal.-calderas-casa-rural-400x284.jpeg\" alt=\"Instal\u00b7laci\u00f3 de calderes per a calefacci\u00f3 i aigua calenta en una casa rural.\" data-srcset=\"https:\/\/electricitatcardona.com\/wp-content\/uploads\/2025\/02\/instal.-calderas-casa-rural.jpeg 479w, https:\/\/electricitatcardona.com\/wp-content\/uploads\/2025\/02\/instal.-calderas-casa-rural-400x284.jpeg 480w\" data-sizes=\"(max-width:479px) 479px, 100vw\" class=\"wp-image-153 lazyload\" src=\"data:image\/svg+xml;base64,PHN2ZyB3aWR0aD0iMSIgaGVpZ2h0PSIxIiB4bWxucz0iaHR0cDovL3d3dy53My5vcmcvMjAwMC9zdmciPjwvc3ZnPg==\" style=\"--smush-placeholder-width: 400px; --smush-placeholder-aspect-ratio: 400\/284;\" \/>\n\t\t\t\t\t<span class=\"et_overlay et_pb_inline_icon\" data-icon=\"P\"><\/span>\n\t\t\t\t<\/a>\n\t\t\t\t<\/div><\/div><div class=\"et_pb_gallery_item et_pb_grid_item et_pb_bg_layout_light et_pb_css_mix_blend_mode et_pb_gallery_item_1_8\"><div class=\"et_pb_gallery_image landscape\">\n\t\t\t\t\t<a href=\"https:\/\/electricitatcardona.com\/wp-content\/uploads\/2025\/02\/BOMBA-AIGUA-PER-POU-2.jpeg\" title=\"Bomba d\u2019aigua per pou | Subministrament eficient\">\n\t\t\t\t\t<img decoding=\"async\" width=\"400\" height=\"284\" data-src=\"https:\/\/electricitatcardona.com\/wp-content\/uploads\/2025\/02\/BOMBA-AIGUA-PER-POU-2-400x284.jpeg\" alt=\"Bomba d\u2019aigua instal\u00b7lada en un pou per a extracci\u00f3 d\u2019aigua.\" data-srcset=\"https:\/\/electricitatcardona.com\/wp-content\/uploads\/2025\/02\/BOMBA-AIGUA-PER-POU-2.jpeg 479w, https:\/\/electricitatcardona.com\/wp-content\/uploads\/2025\/02\/BOMBA-AIGUA-PER-POU-2-400x284.jpeg 480w\" data-sizes=\"(max-width:479px) 479px, 100vw\" class=\"wp-image-146 lazyload\" src=\"data:image\/svg+xml;base64,PHN2ZyB3aWR0aD0iMSIgaGVpZ2h0PSIxIiB4bWxucz0iaHR0cDovL3d3dy53My5vcmcvMjAwMC9zdmciPjwvc3ZnPg==\" style=\"--smush-placeholder-width: 400px; --smush-placeholder-aspect-ratio: 400\/284;\" \/>\n\t\t\t\t\t<span class=\"et_overlay et_pb_inline_icon\" data-icon=\"P\"><\/span>\n\t\t\t\t<\/a>\n\t\t\t\t<\/div><\/div><\/div><div class=\"et_pb_gallery_pagination\"><\/div><\/div>\n\t\t\t<\/div>\n\t\t\t\t\n\t\t\t\t\n\t\t\t\t\n\t\t\t\t\n\t\t\t<\/div><div id=\"aerotermia\" class=\"et_d4_element et_pb_row et_pb_row_6  et_pb_css_mix_blend_mode et_block_row\">\n\t\t\t\t<div class=\"et_d4_element et_pb_column_4_4 et_pb_column et_pb_column_6  et_pb_css_mix_blend_mode et-last-child et_block_column\">\n\t\t\t\t\n\t\t\t\t\n\t\t\t\t\n\t\t\t\t\n\t\t\t\t<div class=\"et_pb_module et_d4_element et_pb_text et_pb_text_3 et_animated  et_pb_text_align_left et_pb_bg_layout_light\">\n\t\t\t\t\n\t\t\t\t\n\t\t\t\t\n\t\t\t\t\n\t\t\t\t<div class=\"et_pb_text_inner\"><h2 style=\"text-align: center;\">Aerotermies i Instal\u00b7lacions Complertes<\/h2><\/div>\n\t\t\t<\/div><div class=\"et_pb_module et_d4_element et_pb_gallery et_pb_gallery_2 et_animated  et_pb_bg_layout_light et_pb_gallery_grid\">\n\t\t\t\t<div class=\"et_pb_gallery_items et_pb_grid_items et_post_gallery clearfix\" data-per_page=\"12\"><div class=\"et_pb_gallery_item et_pb_grid_item et_pb_bg_layout_light et_pb_css_mix_blend_mode et_pb_gallery_item_2_0\"><div class=\"et_pb_gallery_image landscape\">\n\t\t\t\t\t<a href=\"https:\/\/electricitatcardona.com\/wp-content\/uploads\/2025\/02\/INSTAL.-CALEFACCIO-AMB-TERRA-RADIANT-3.jpeg\" title=\"Calefacci\u00f3 amb Terra Radiante | Eficiencia i confort en el teu espai\">\n\t\t\t\t\t<img decoding=\"async\" width=\"400\" height=\"284\" data-src=\"https:\/\/electricitatcardona.com\/wp-content\/uploads\/2025\/02\/INSTAL.-CALEFACCIO-AMB-TERRA-RADIANT-3-400x284.jpeg\" alt=\"Sistema de calefacci\u00f3 amb terra radiant instal\u00b7lat en una llar per aconseguir una distribuci\u00f3 uniforme de la calor.\" data-srcset=\"https:\/\/electricitatcardona.com\/wp-content\/uploads\/2025\/02\/INSTAL.-CALEFACCIO-AMB-TERRA-RADIANT-3.jpeg 479w, https:\/\/electricitatcardona.com\/wp-content\/uploads\/2025\/02\/INSTAL.-CALEFACCIO-AMB-TERRA-RADIANT-3-400x284.jpeg 480w\" data-sizes=\"(max-width:479px) 479px, 100vw\" class=\"wp-image-172 lazyload\" src=\"data:image\/svg+xml;base64,PHN2ZyB3aWR0aD0iMSIgaGVpZ2h0PSIxIiB4bWxucz0iaHR0cDovL3d3dy53My5vcmcvMjAwMC9zdmciPjwvc3ZnPg==\" style=\"--smush-placeholder-width: 400px; --smush-placeholder-aspect-ratio: 400\/284;\" \/>\n\t\t\t\t\t<span class=\"et_overlay et_pb_inline_icon\" data-icon=\"P\"><\/span>\n\t\t\t\t<\/a>\n\t\t\t\t<\/div><\/div><div class=\"et_pb_gallery_item et_pb_grid_item et_pb_bg_layout_light et_pb_css_mix_blend_mode et_pb_gallery_item_2_1\"><div class=\"et_pb_gallery_image landscape\">\n\t\t\t\t\t<a href=\"https:\/\/electricitatcardona.com\/wp-content\/uploads\/2025\/02\/INSTAL.-AEROTERMIDESCALCUIFICADORBOMBADIPOSIT-AIGUA.jpeg\" title=\"Soluci\u00f3 integral: Aerot\u00e8rmia + Descalcificador + Bomba + Dip\u00f2sit d\u2019Aigua\">\n\t\t\t\t\t<img decoding=\"async\" width=\"400\" height=\"284\" data-src=\"https:\/\/electricitatcardona.com\/wp-content\/uploads\/2025\/02\/INSTAL.-AEROTERMIDESCALCUIFICADORBOMBADIPOSIT-AIGUA-400x284.jpeg\" alt=\"Instal\u00b7laci\u00f3 de sistema aerot\u00e8rmic, descalcificador, bomba i dip\u00f2sit d\u2019aigua per a una llar amb alta efici\u00e8ncia energ\u00e8tica.\" data-srcset=\"https:\/\/electricitatcardona.com\/wp-content\/uploads\/2025\/02\/INSTAL.-AEROTERMIDESCALCUIFICADORBOMBADIPOSIT-AIGUA.jpeg 479w, https:\/\/electricitatcardona.com\/wp-content\/uploads\/2025\/02\/INSTAL.-AEROTERMIDESCALCUIFICADORBOMBADIPOSIT-AIGUA-400x284.jpeg 480w\" data-sizes=\"(max-width:479px) 479px, 100vw\" class=\"wp-image-170 lazyload\" src=\"data:image\/svg+xml;base64,PHN2ZyB3aWR0aD0iMSIgaGVpZ2h0PSIxIiB4bWxucz0iaHR0cDovL3d3dy53My5vcmcvMjAwMC9zdmciPjwvc3ZnPg==\" style=\"--smush-placeholder-width: 400px; --smush-placeholder-aspect-ratio: 400\/284;\" \/>\n\t\t\t\t\t<span class=\"et_overlay et_pb_inline_icon\" data-icon=\"P\"><\/span>\n\t\t\t\t<\/a>\n\t\t\t\t<\/div><\/div><div class=\"et_pb_gallery_item et_pb_grid_item et_pb_bg_layout_light et_pb_css_mix_blend_mode et_pb_gallery_item_2_2\"><div class=\"et_pb_gallery_image landscape\">\n\t\t\t\t\t<a href=\"https:\/\/electricitatcardona.com\/wp-content\/uploads\/2025\/02\/FOTO-2.jpg\" title=\"Sistema Aerot\u00e8rmia + Descalcificador + Bomba + Dip\u00f2sit d&#039;Aigua | Soluci\u00f3 energ\u00e8tica integral\">\n\t\t\t\t\t<img decoding=\"async\" width=\"400\" height=\"284\" data-src=\"https:\/\/electricitatcardona.com\/wp-content\/uploads\/2025\/02\/FOTO-2-400x284.jpg\" alt=\"Sistema de climatitzaci\u00f3 amb aerot\u00e8rmia, descalcificador, bomba i dip\u00f2sit d\u2019aigua per millorar l&#039;efici\u00e8ncia energ\u00e8tica i el confort.\" data-srcset=\"https:\/\/electricitatcardona.com\/wp-content\/uploads\/2025\/02\/FOTO-2.jpg 479w, https:\/\/electricitatcardona.com\/wp-content\/uploads\/2025\/02\/FOTO-2-400x284.jpg 480w\" data-sizes=\"(max-width:479px) 479px, 100vw\" class=\"wp-image-169 lazyload\" src=\"data:image\/svg+xml;base64,PHN2ZyB3aWR0aD0iMSIgaGVpZ2h0PSIxIiB4bWxucz0iaHR0cDovL3d3dy53My5vcmcvMjAwMC9zdmciPjwvc3ZnPg==\" style=\"--smush-placeholder-width: 400px; --smush-placeholder-aspect-ratio: 400\/284;\" \/>\n\t\t\t\t\t<span class=\"et_overlay et_pb_inline_icon\" data-icon=\"P\"><\/span>\n\t\t\t\t<\/a>\n\t\t\t\t<\/div><\/div><div class=\"et_pb_gallery_item et_pb_grid_item et_pb_bg_layout_light et_pb_css_mix_blend_mode et_pb_gallery_item_2_3\"><div class=\"et_pb_gallery_image landscape\">\n\t\t\t\t\t<a href=\"https:\/\/electricitatcardona.com\/wp-content\/uploads\/2025\/02\/Aerotermia-Panasonic-Externa-1.jpeg\" title=\"Aerotermia Panasonic Externa | Soluci\u00f3 eficient per a calefacci\u00f3 i refrigeraci\u00f3\">\n\t\t\t\t\t<img decoding=\"async\" width=\"400\" height=\"284\" data-src=\"https:\/\/electricitatcardona.com\/wp-content\/uploads\/2025\/02\/Aerotermia-Panasonic-Externa-1-400x284.jpeg\" alt=\"Instal\u00b7laci\u00f3 d\u2019aerot\u00e8rmia Panasonic amb unitat externa per a calefacci\u00f3 i refrigeraci\u00f3 eficient.\" data-srcset=\"https:\/\/electricitatcardona.com\/wp-content\/uploads\/2025\/02\/Aerotermia-Panasonic-Externa-1.jpeg 479w, https:\/\/electricitatcardona.com\/wp-content\/uploads\/2025\/02\/Aerotermia-Panasonic-Externa-1-400x284.jpeg 480w\" data-sizes=\"(max-width:479px) 479px, 100vw\" class=\"wp-image-168 lazyload\" src=\"data:image\/svg+xml;base64,PHN2ZyB3aWR0aD0iMSIgaGVpZ2h0PSIxIiB4bWxucz0iaHR0cDovL3d3dy53My5vcmcvMjAwMC9zdmciPjwvc3ZnPg==\" style=\"--smush-placeholder-width: 400px; --smush-placeholder-aspect-ratio: 400\/284;\" \/>\n\t\t\t\t\t<span class=\"et_overlay et_pb_inline_icon\" data-icon=\"P\"><\/span>\n\t\t\t\t<\/a>\n\t\t\t\t<\/div><\/div><div class=\"et_pb_gallery_item et_pb_grid_item et_pb_bg_layout_light et_pb_css_mix_blend_mode et_pb_gallery_item_2_4\"><div class=\"et_pb_gallery_image landscape\">\n\t\t\t\t\t<a href=\"https:\/\/electricitatcardona.com\/wp-content\/uploads\/2025\/02\/AEROTERMIA-I-DESCALCIFICADOR-CASA-UNIFAMILIAR.jpeg\" title=\"Aerotermia Panasonic Externa | Soluci\u00f3 eficient per a calefacci\u00f3 i refrigeraci\u00f3\">\n\t\t\t\t\t<img decoding=\"async\" width=\"400\" height=\"284\" data-src=\"https:\/\/electricitatcardona.com\/wp-content\/uploads\/2025\/02\/AEROTERMIA-I-DESCALCIFICADOR-CASA-UNIFAMILIAR-400x284.jpeg\" alt=\"Instal\u00b7laci\u00f3 d\u2019aerot\u00e8rmia Panasonic amb unitat externa per a calefacci\u00f3 i refrigeraci\u00f3 eficient.\" data-srcset=\"https:\/\/electricitatcardona.com\/wp-content\/uploads\/2025\/02\/AEROTERMIA-I-DESCALCIFICADOR-CASA-UNIFAMILIAR.jpeg 479w, https:\/\/electricitatcardona.com\/wp-content\/uploads\/2025\/02\/AEROTERMIA-I-DESCALCIFICADOR-CASA-UNIFAMILIAR-400x284.jpeg 480w\" data-sizes=\"(max-width:479px) 479px, 100vw\" class=\"wp-image-167 lazyload\" src=\"data:image\/svg+xml;base64,PHN2ZyB3aWR0aD0iMSIgaGVpZ2h0PSIxIiB4bWxucz0iaHR0cDovL3d3dy53My5vcmcvMjAwMC9zdmciPjwvc3ZnPg==\" style=\"--smush-placeholder-width: 400px; --smush-placeholder-aspect-ratio: 400\/284;\" \/>\n\t\t\t\t\t<span class=\"et_overlay et_pb_inline_icon\" data-icon=\"P\"><\/span>\n\t\t\t\t<\/a>\n\t\t\t\t<\/div><\/div><div class=\"et_pb_gallery_item et_pb_grid_item et_pb_bg_layout_light et_pb_css_mix_blend_mode et_pb_gallery_item_2_5\"><div class=\"et_pb_gallery_image landscape\">\n\t\t\t\t\t<a href=\"https:\/\/electricitatcardona.com\/wp-content\/uploads\/2025\/02\/Aerotermia-ambTerra-radiant-Sofia.jpeg\" title=\"Aerot\u00e8rmia amb Terra Radiante Sofia | Confort i efici\u00e8ncia energ\u00e8tica\">\n\t\t\t\t\t<img decoding=\"async\" width=\"400\" height=\"284\" data-src=\"https:\/\/electricitatcardona.com\/wp-content\/uploads\/2025\/02\/Aerotermia-ambTerra-radiant-Sofia-400x284.jpeg\" alt=\"Instal\u00b7laci\u00f3 de sistema de aerot\u00e8rmia amb terra radiant Sofia per a calefacci\u00f3 eficient i confort a la llar.\" data-srcset=\"https:\/\/electricitatcardona.com\/wp-content\/uploads\/2025\/02\/Aerotermia-ambTerra-radiant-Sofia.jpeg 479w, https:\/\/electricitatcardona.com\/wp-content\/uploads\/2025\/02\/Aerotermia-ambTerra-radiant-Sofia-400x284.jpeg 480w\" data-sizes=\"(max-width:479px) 479px, 100vw\" class=\"wp-image-166 lazyload\" src=\"data:image\/svg+xml;base64,PHN2ZyB3aWR0aD0iMSIgaGVpZ2h0PSIxIiB4bWxucz0iaHR0cDovL3d3dy53My5vcmcvMjAwMC9zdmciPjwvc3ZnPg==\" style=\"--smush-placeholder-width: 400px; --smush-placeholder-aspect-ratio: 400\/284;\" \/>\n\t\t\t\t\t<span class=\"et_overlay et_pb_inline_icon\" data-icon=\"P\"><\/span>\n\t\t\t\t<\/a>\n\t\t\t\t<\/div><\/div><div class=\"et_pb_gallery_item et_pb_grid_item et_pb_bg_layout_light et_pb_css_mix_blend_mode et_pb_gallery_item_2_6\"><div class=\"et_pb_gallery_image landscape\">\n\t\t\t\t\t<a href=\"https:\/\/electricitatcardona.com\/wp-content\/uploads\/2025\/02\/aerotermia-29.11.22-foto-1.jpeg\" title=\"Aerot\u00e8rmia | Soluci\u00f3 eficient i ecol\u00f2gica per a calefacci\u00f3 i refrigeraci\u00f3\">\n\t\t\t\t\t<img decoding=\"async\" width=\"400\" height=\"284\" data-src=\"https:\/\/electricitatcardona.com\/wp-content\/uploads\/2025\/02\/aerotermia-29.11.22-foto-1-400x284.jpeg\" alt=\"Sistema de climatitzaci\u00f3 aerot\u00e8rmic per a calefacci\u00f3, refrigeraci\u00f3 i aigua calenta eficient i sostenible.\" data-srcset=\"https:\/\/electricitatcardona.com\/wp-content\/uploads\/2025\/02\/aerotermia-29.11.22-foto-1.jpeg 479w, https:\/\/electricitatcardona.com\/wp-content\/uploads\/2025\/02\/aerotermia-29.11.22-foto-1-400x284.jpeg 480w\" data-sizes=\"(max-width:479px) 479px, 100vw\" class=\"wp-image-165 lazyload\" src=\"data:image\/svg+xml;base64,PHN2ZyB3aWR0aD0iMSIgaGVpZ2h0PSIxIiB4bWxucz0iaHR0cDovL3d3dy53My5vcmcvMjAwMC9zdmciPjwvc3ZnPg==\" style=\"--smush-placeholder-width: 400px; --smush-placeholder-aspect-ratio: 400\/284;\" \/>\n\t\t\t\t\t<span class=\"et_overlay et_pb_inline_icon\" data-icon=\"P\"><\/span>\n\t\t\t\t<\/a>\n\t\t\t\t<\/div><\/div><div class=\"et_pb_gallery_item et_pb_grid_item et_pb_bg_layout_light et_pb_css_mix_blend_mode et_pb_gallery_item_2_7\"><div class=\"et_pb_gallery_image landscape\">\n\t\t\t\t\t<a href=\"https:\/\/electricitatcardona.com\/wp-content\/uploads\/2025\/02\/Aerotermia-3-Sofia.jpeg.jpg\" title=\"Aerot\u00e8rmia | La soluci\u00f3 energ\u00e8tica neta i eficient per a la teva\">\n\t\t\t\t\t<img decoding=\"async\" width=\"400\" height=\"284\" data-src=\"https:\/\/electricitatcardona.com\/wp-content\/uploads\/2025\/02\/Aerotermia-3-Sofia.jpeg-400x284.jpg\" alt=\"Aerot\u00e8rmia: sistema de climatitzaci\u00f3 sostenible per a llar amb calefacci\u00f3, refrigeraci\u00f3 i aigua calenta mitjan\u00e7ant l\u2019aire exterior.\" data-srcset=\"https:\/\/electricitatcardona.com\/wp-content\/uploads\/2025\/02\/Aerotermia-3-Sofia.jpeg.jpg 479w, https:\/\/electricitatcardona.com\/wp-content\/uploads\/2025\/02\/Aerotermia-3-Sofia.jpeg-400x284.jpg 480w\" data-sizes=\"(max-width:479px) 479px, 100vw\" class=\"wp-image-164 lazyload\" src=\"data:image\/svg+xml;base64,PHN2ZyB3aWR0aD0iMSIgaGVpZ2h0PSIxIiB4bWxucz0iaHR0cDovL3d3dy53My5vcmcvMjAwMC9zdmciPjwvc3ZnPg==\" style=\"--smush-placeholder-width: 400px; --smush-placeholder-aspect-ratio: 400\/284;\" \/>\n\t\t\t\t\t<span class=\"et_overlay et_pb_inline_icon\" data-icon=\"P\"><\/span>\n\t\t\t\t<\/a>\n\t\t\t\t<\/div><\/div><div class=\"et_pb_gallery_item et_pb_grid_item et_pb_bg_layout_light et_pb_css_mix_blend_mode et_pb_gallery_item_2_8\"><div class=\"et_pb_gallery_image landscape\">\n\t\t\t\t\t<a href=\"https:\/\/electricitatcardona.com\/wp-content\/uploads\/2025\/02\/INSTAL.-CALEFACCIO-AMB-TERRA-RADIANT.jpeg\" title=\"Calefacci\u00f3 amb Terra Radiante | Confort \u00f2ptim per a la teva llar\">\n\t\t\t\t\t<img decoding=\"async\" width=\"400\" height=\"284\" data-src=\"https:\/\/electricitatcardona.com\/wp-content\/uploads\/2025\/02\/INSTAL.-CALEFACCIO-AMB-TERRA-RADIANT-400x284.jpeg\" alt=\"Instal\u00b7laci\u00f3 de sistema de calefacci\u00f3 amb terra radiant per a una distribuci\u00f3 uniforme de la calor.\" data-srcset=\"https:\/\/electricitatcardona.com\/wp-content\/uploads\/2025\/02\/INSTAL.-CALEFACCIO-AMB-TERRA-RADIANT.jpeg 479w, https:\/\/electricitatcardona.com\/wp-content\/uploads\/2025\/02\/INSTAL.-CALEFACCIO-AMB-TERRA-RADIANT-400x284.jpeg 480w\" data-sizes=\"(max-width:479px) 479px, 100vw\" class=\"wp-image-173 lazyload\" src=\"data:image\/svg+xml;base64,PHN2ZyB3aWR0aD0iMSIgaGVpZ2h0PSIxIiB4bWxucz0iaHR0cDovL3d3dy53My5vcmcvMjAwMC9zdmciPjwvc3ZnPg==\" style=\"--smush-placeholder-width: 400px; --smush-placeholder-aspect-ratio: 400\/284;\" \/>\n\t\t\t\t\t<span class=\"et_overlay et_pb_inline_icon\" data-icon=\"P\"><\/span>\n\t\t\t\t<\/a>\n\t\t\t\t<\/div><\/div><div class=\"et_pb_gallery_item et_pb_grid_item et_pb_bg_layout_light et_pb_css_mix_blend_mode et_pb_gallery_item_2_9\"><div class=\"et_pb_gallery_image landscape\">\n\t\t\t\t\t<a href=\"https:\/\/electricitatcardona.com\/wp-content\/uploads\/2025\/02\/Aerotermia-2-Sofia.jpeg\" title=\"Aerot\u00e8rmia | Energia renovable per a la teva llar tot l\u2019any\">\n\t\t\t\t\t<img decoding=\"async\" width=\"400\" height=\"284\" data-src=\"https:\/\/electricitatcardona.com\/wp-content\/uploads\/2025\/02\/Aerotermia-2-Sofia-400x284.jpeg\" alt=\"Instal\u00b7laci\u00f3 de sistema aerot\u00e8rmic per a calefacci\u00f3 i refrigeraci\u00f3 eficient amb m\u00ednim impacte ambiental.\" data-srcset=\"https:\/\/electricitatcardona.com\/wp-content\/uploads\/2025\/02\/Aerotermia-2-Sofia.jpeg 479w, https:\/\/electricitatcardona.com\/wp-content\/uploads\/2025\/02\/Aerotermia-2-Sofia-400x284.jpeg 480w\" data-sizes=\"(max-width:479px) 479px, 100vw\" class=\"wp-image-163 lazyload\" src=\"data:image\/svg+xml;base64,PHN2ZyB3aWR0aD0iMSIgaGVpZ2h0PSIxIiB4bWxucz0iaHR0cDovL3d3dy53My5vcmcvMjAwMC9zdmciPjwvc3ZnPg==\" style=\"--smush-placeholder-width: 400px; --smush-placeholder-aspect-ratio: 400\/284;\" \/>\n\t\t\t\t\t<span class=\"et_overlay et_pb_inline_icon\" data-icon=\"P\"><\/span>\n\t\t\t\t<\/a>\n\t\t\t\t<\/div><\/div><div class=\"et_pb_gallery_item et_pb_grid_item et_pb_bg_layout_light et_pb_css_mix_blend_mode et_pb_gallery_item_2_10\"><div class=\"et_pb_gallery_image landscape\">\n\t\t\t\t\t<a href=\"https:\/\/electricitatcardona.com\/wp-content\/uploads\/2025\/02\/aerotermia-29.11.22-foto-3.jpeg\" title=\"Aerot\u00e8rmia Eficient | Climatitzaci\u00f3 sostenible per a la teva llar\">\n\t\t\t\t\t<img decoding=\"async\" width=\"400\" height=\"284\" data-src=\"https:\/\/electricitatcardona.com\/wp-content\/uploads\/2025\/02\/aerotermia-29.11.22-foto-3-400x284.jpeg\" alt=\"Sistema aerot\u00e8rmic que proporciona calefacci\u00f3, refrigeraci\u00f3 i aigua calenta eficient mitjan\u00e7ant l\u2019energia renovable de l\u2019aire exterior\" data-srcset=\"https:\/\/electricitatcardona.com\/wp-content\/uploads\/2025\/02\/aerotermia-29.11.22-foto-3.jpeg 479w, https:\/\/electricitatcardona.com\/wp-content\/uploads\/2025\/02\/aerotermia-29.11.22-foto-3-400x284.jpeg 480w\" data-sizes=\"(max-width:479px) 479px, 100vw\" class=\"wp-image-162 lazyload\" src=\"data:image\/svg+xml;base64,PHN2ZyB3aWR0aD0iMSIgaGVpZ2h0PSIxIiB4bWxucz0iaHR0cDovL3d3dy53My5vcmcvMjAwMC9zdmciPjwvc3ZnPg==\" style=\"--smush-placeholder-width: 400px; --smush-placeholder-aspect-ratio: 400\/284;\" \/>\n\t\t\t\t\t<span class=\"et_overlay et_pb_inline_icon\" data-icon=\"P\"><\/span>\n\t\t\t\t<\/a>\n\t\t\t\t<\/div><\/div><div class=\"et_pb_gallery_item et_pb_grid_item et_pb_bg_layout_light et_pb_css_mix_blend_mode et_pb_gallery_item_2_11\"><div class=\"et_pb_gallery_image landscape\">\n\t\t\t\t\t<a href=\"https:\/\/electricitatcardona.com\/wp-content\/uploads\/2025\/02\/INSTAL.-CALEFACCIO-AMB-TERRA-RADIANT-2.jpeg\" title=\"Calefacci\u00f3 amb Terra Radiante | Comoditat i efici\u00e8ncia energ\u00e8tica\">\n\t\t\t\t\t<img decoding=\"async\" width=\"400\" height=\"284\" data-src=\"https:\/\/electricitatcardona.com\/wp-content\/uploads\/2025\/02\/INSTAL.-CALEFACCIO-AMB-TERRA-RADIANT-2-400x284.jpeg\" alt=\"Instal\u00b7laci\u00f3 de calefacci\u00f3 amb terra radiant per una distribuci\u00f3 uniforme de la calor en tot l&#039;espai.\" data-srcset=\"https:\/\/electricitatcardona.com\/wp-content\/uploads\/2025\/02\/INSTAL.-CALEFACCIO-AMB-TERRA-RADIANT-2.jpeg 479w, https:\/\/electricitatcardona.com\/wp-content\/uploads\/2025\/02\/INSTAL.-CALEFACCIO-AMB-TERRA-RADIANT-2-400x284.jpeg 480w\" data-sizes=\"(max-width:479px) 479px, 100vw\" class=\"wp-image-171 lazyload\" src=\"data:image\/svg+xml;base64,PHN2ZyB3aWR0aD0iMSIgaGVpZ2h0PSIxIiB4bWxucz0iaHR0cDovL3d3dy53My5vcmcvMjAwMC9zdmciPjwvc3ZnPg==\" style=\"--smush-placeholder-width: 400px; --smush-placeholder-aspect-ratio: 400\/284;\" \/>\n\t\t\t\t\t<span class=\"et_overlay et_pb_inline_icon\" data-icon=\"P\"><\/span>\n\t\t\t\t<\/a>\n\t\t\t\t<\/div><\/div><div class=\"et_pb_gallery_item et_pb_grid_item et_pb_bg_layout_light et_pb_css_mix_blend_mode et_pb_gallery_item_2_12\"><div class=\"et_pb_gallery_image landscape\">\n\t\t\t\t\t<a href=\"https:\/\/electricitatcardona.com\/wp-content\/uploads\/2025\/02\/aerotermia-29.11.22-foto-2.jpeg\" title=\"Aerot\u00e8rmia | Confort sostenible tot l&#039;any amb energia renovable\">\n\t\t\t\t\t<img decoding=\"async\" width=\"400\" height=\"284\" data-src=\"https:\/\/electricitatcardona.com\/wp-content\/uploads\/2025\/02\/aerotermia-29.11.22-foto-2-400x284.jpeg\" alt=\"Instal\u00b7laci\u00f3 de sistema aerot\u00e8rmic per climatitzar la llar amb efici\u00e8ncia energ\u00e8tica i sostenibilitat.\" data-srcset=\"https:\/\/electricitatcardona.com\/wp-content\/uploads\/2025\/02\/aerotermia-29.11.22-foto-2.jpeg 479w, https:\/\/electricitatcardona.com\/wp-content\/uploads\/2025\/02\/aerotermia-29.11.22-foto-2-400x284.jpeg 480w\" data-sizes=\"(max-width:479px) 479px, 100vw\" class=\"wp-image-161 lazyload\" src=\"data:image\/svg+xml;base64,PHN2ZyB3aWR0aD0iMSIgaGVpZ2h0PSIxIiB4bWxucz0iaHR0cDovL3d3dy53My5vcmcvMjAwMC9zdmciPjwvc3ZnPg==\" style=\"--smush-placeholder-width: 400px; --smush-placeholder-aspect-ratio: 400\/284;\" \/>\n\t\t\t\t\t<span class=\"et_overlay et_pb_inline_icon\" data-icon=\"P\"><\/span>\n\t\t\t\t<\/a>\n\t\t\t\t<\/div><\/div><div class=\"et_pb_gallery_item et_pb_grid_item et_pb_bg_layout_light et_pb_css_mix_blend_mode et_pb_gallery_item_2_13\"><div class=\"et_pb_gallery_image landscape\">\n\t\t\t\t\t<a href=\"https:\/\/electricitatcardona.com\/wp-content\/uploads\/2025\/03\/FOTO-2.jpg\" title=\"Aerot\u00e8rmia en habitatge unifamiliar | Efici\u00e8ncia i estalvi energ\u00e8tic\">\n\t\t\t\t\t<img decoding=\"async\" width=\"400\" height=\"284\" data-src=\"https:\/\/electricitatcardona.com\/wp-content\/uploads\/2025\/03\/FOTO-2-400x284.jpg\" alt=\"Sistema d\u2019aerot\u00e8rmia instal\u00b7lat en un habitatge unifamiliar per a calefacci\u00f3 i aigua calenta.\" data-srcset=\"https:\/\/electricitatcardona.com\/wp-content\/uploads\/2025\/03\/FOTO-2.jpg 479w, https:\/\/electricitatcardona.com\/wp-content\/uploads\/2025\/03\/FOTO-2-400x284.jpg 480w\" data-sizes=\"(max-width:479px) 479px, 100vw\" class=\"wp-image-294 lazyload\" src=\"data:image\/svg+xml;base64,PHN2ZyB3aWR0aD0iMSIgaGVpZ2h0PSIxIiB4bWxucz0iaHR0cDovL3d3dy53My5vcmcvMjAwMC9zdmciPjwvc3ZnPg==\" style=\"--smush-placeholder-width: 400px; --smush-placeholder-aspect-ratio: 400\/284;\" \/>\n\t\t\t\t\t<span class=\"et_overlay et_pb_inline_icon\" data-icon=\"P\"><\/span>\n\t\t\t\t<\/a>\n\t\t\t\t<\/div><\/div><div class=\"et_pb_gallery_item et_pb_grid_item et_pb_bg_layout_light et_pb_css_mix_blend_mode et_pb_gallery_item_2_14\"><div class=\"et_pb_gallery_image landscape\">\n\t\t\t\t\t<a href=\"https:\/\/electricitatcardona.com\/wp-content\/uploads\/2025\/03\/aerotermia-29.11.22-foto-2.jpeg\" title=\"Aerot\u00e8rmia | Redueix el consum energ\u00e8tic\">\n\t\t\t\t\t<img decoding=\"async\" width=\"400\" height=\"284\" data-src=\"https:\/\/electricitatcardona.com\/wp-content\/uploads\/2025\/03\/aerotermia-29.11.22-foto-2-400x284.jpeg\" alt=\"Instal\u00b7laci\u00f3 d\u2019aerot\u00e8rmia per subministrar aigua calenta de manera eficient.\" data-srcset=\"https:\/\/electricitatcardona.com\/wp-content\/uploads\/2025\/03\/aerotermia-29.11.22-foto-2.jpeg 479w, https:\/\/electricitatcardona.com\/wp-content\/uploads\/2025\/03\/aerotermia-29.11.22-foto-2-400x284.jpeg 480w\" data-sizes=\"(max-width:479px) 479px, 100vw\" class=\"wp-image-295 lazyload\" src=\"data:image\/svg+xml;base64,PHN2ZyB3aWR0aD0iMSIgaGVpZ2h0PSIxIiB4bWxucz0iaHR0cDovL3d3dy53My5vcmcvMjAwMC9zdmciPjwvc3ZnPg==\" style=\"--smush-placeholder-width: 400px; --smush-placeholder-aspect-ratio: 400\/284;\" \/>\n\t\t\t\t\t<span class=\"et_overlay et_pb_inline_icon\" data-icon=\"P\"><\/span>\n\t\t\t\t<\/a>\n\t\t\t\t<\/div><\/div><div class=\"et_pb_gallery_item et_pb_grid_item et_pb_bg_layout_light et_pb_css_mix_blend_mode et_pb_gallery_item_2_15\"><div class=\"et_pb_gallery_image landscape\">\n\t\t\t\t\t<a href=\"https:\/\/electricitatcardona.com\/wp-content\/uploads\/2025\/03\/aerotermia-29.11.22-foto-3.jpeg\" title=\"Aerot\u00e8rmia en casa rural | Estalvi energ\u00e8tic i confort\">\n\t\t\t\t\t<img decoding=\"async\" width=\"400\" height=\"284\" data-src=\"https:\/\/electricitatcardona.com\/wp-content\/uploads\/2025\/03\/aerotermia-29.11.22-foto-3-400x284.jpeg\" alt=\"Casa rural amb sistema d\u2019aerot\u00e8rmia per climatitzaci\u00f3 eficient.\" data-srcset=\"https:\/\/electricitatcardona.com\/wp-content\/uploads\/2025\/03\/aerotermia-29.11.22-foto-3.jpeg 479w, https:\/\/electricitatcardona.com\/wp-content\/uploads\/2025\/03\/aerotermia-29.11.22-foto-3-400x284.jpeg 480w\" data-sizes=\"(max-width:479px) 479px, 100vw\" class=\"wp-image-296 lazyload\" src=\"data:image\/svg+xml;base64,PHN2ZyB3aWR0aD0iMSIgaGVpZ2h0PSIxIiB4bWxucz0iaHR0cDovL3d3dy53My5vcmcvMjAwMC9zdmciPjwvc3ZnPg==\" style=\"--smush-placeholder-width: 400px; --smush-placeholder-aspect-ratio: 400\/284;\" \/>\n\t\t\t\t\t<span class=\"et_overlay et_pb_inline_icon\" data-icon=\"P\"><\/span>\n\t\t\t\t<\/a>\n\t\t\t\t<\/div><\/div><div class=\"et_pb_gallery_item et_pb_grid_item et_pb_bg_layout_light et_pb_css_mix_blend_mode et_pb_gallery_item_2_16\"><div class=\"et_pb_gallery_image landscape\">\n\t\t\t\t\t<a href=\"https:\/\/electricitatcardona.com\/wp-content\/uploads\/2025\/03\/Aerotermia-2-Sofia.jpeg\" title=\"Aerot\u00e8rmia en nova construcci\u00f3 | Efici\u00e8ncia des del primer dia\">\n\t\t\t\t\t<img decoding=\"async\" width=\"400\" height=\"284\" data-src=\"https:\/\/electricitatcardona.com\/wp-content\/uploads\/2025\/03\/Aerotermia-2-Sofia-400x284.jpeg\" alt=\"Sistema aerot\u00e8rmic en un habitatge de nova construcci\u00f3.\" data-srcset=\"https:\/\/electricitatcardona.com\/wp-content\/uploads\/2025\/03\/Aerotermia-2-Sofia.jpeg 479w, https:\/\/electricitatcardona.com\/wp-content\/uploads\/2025\/03\/Aerotermia-2-Sofia-400x284.jpeg 480w\" data-sizes=\"(max-width:479px) 479px, 100vw\" class=\"wp-image-297 lazyload\" src=\"data:image\/svg+xml;base64,PHN2ZyB3aWR0aD0iMSIgaGVpZ2h0PSIxIiB4bWxucz0iaHR0cDovL3d3dy53My5vcmcvMjAwMC9zdmciPjwvc3ZnPg==\" style=\"--smush-placeholder-width: 400px; --smush-placeholder-aspect-ratio: 400\/284;\" \/>\n\t\t\t\t\t<span class=\"et_overlay et_pb_inline_icon\" data-icon=\"P\"><\/span>\n\t\t\t\t<\/a>\n\t\t\t\t<\/div><\/div><div class=\"et_pb_gallery_item et_pb_grid_item et_pb_bg_layout_light et_pb_css_mix_blend_mode et_pb_gallery_item_2_17\"><div class=\"et_pb_gallery_image landscape\">\n\t\t\t\t\t<a href=\"https:\/\/electricitatcardona.com\/wp-content\/uploads\/2025\/03\/Aerotermia-3-Sofia.jpeg.jpg\" title=\"Aerot\u00e8rmia en comunitat de ve\u00efns | Energia renovable per a tothom\">\n\t\t\t\t\t<img decoding=\"async\" width=\"400\" height=\"284\" data-src=\"https:\/\/electricitatcardona.com\/wp-content\/uploads\/2025\/03\/Aerotermia-3-Sofia.jpeg-400x284.jpg\" alt=\"Aerot\u00e8rmia per a una comunitat de ve\u00efns per a calefacci\u00f3 i ACS.\" data-srcset=\"https:\/\/electricitatcardona.com\/wp-content\/uploads\/2025\/03\/Aerotermia-3-Sofia.jpeg.jpg 479w, https:\/\/electricitatcardona.com\/wp-content\/uploads\/2025\/03\/Aerotermia-3-Sofia.jpeg-400x284.jpg 480w\" data-sizes=\"(max-width:479px) 479px, 100vw\" class=\"wp-image-298 lazyload\" src=\"data:image\/svg+xml;base64,PHN2ZyB3aWR0aD0iMSIgaGVpZ2h0PSIxIiB4bWxucz0iaHR0cDovL3d3dy53My5vcmcvMjAwMC9zdmciPjwvc3ZnPg==\" style=\"--smush-placeholder-width: 400px; --smush-placeholder-aspect-ratio: 400\/284;\" \/>\n\t\t\t\t\t<span class=\"et_overlay et_pb_inline_icon\" data-icon=\"P\"><\/span>\n\t\t\t\t<\/a>\n\t\t\t\t<\/div><\/div><div class=\"et_pb_gallery_item et_pb_grid_item et_pb_bg_layout_light et_pb_css_mix_blend_mode et_pb_gallery_item_2_18\"><div class=\"et_pb_gallery_image landscape\">\n\t\t\t\t\t<a href=\"https:\/\/electricitatcardona.com\/wp-content\/uploads\/2025\/03\/aerotermia-29.11.22-foto-1.jpeg\" title=\"Bomba de calor aerot\u00e8rmica | Efici\u00e8ncia tot l\u2019any\">\n\t\t\t\t\t<img decoding=\"async\" width=\"400\" height=\"284\" data-src=\"https:\/\/electricitatcardona.com\/wp-content\/uploads\/2025\/03\/aerotermia-29.11.22-foto-1-400x284.jpeg\" alt=\"Bomba de calor aerot\u00e8rmica per calefacci\u00f3 i refrigeraci\u00f3.\" data-srcset=\"https:\/\/electricitatcardona.com\/wp-content\/uploads\/2025\/03\/aerotermia-29.11.22-foto-1.jpeg 479w, https:\/\/electricitatcardona.com\/wp-content\/uploads\/2025\/03\/aerotermia-29.11.22-foto-1-400x284.jpeg 480w\" data-sizes=\"(max-width:479px) 479px, 100vw\" class=\"wp-image-299 lazyload\" src=\"data:image\/svg+xml;base64,PHN2ZyB3aWR0aD0iMSIgaGVpZ2h0PSIxIiB4bWxucz0iaHR0cDovL3d3dy53My5vcmcvMjAwMC9zdmciPjwvc3ZnPg==\" style=\"--smush-placeholder-width: 400px; --smush-placeholder-aspect-ratio: 400\/284;\" \/>\n\t\t\t\t\t<span class=\"et_overlay et_pb_inline_icon\" data-icon=\"P\"><\/span>\n\t\t\t\t<\/a>\n\t\t\t\t<\/div><\/div><\/div><div class=\"et_pb_gallery_pagination\"><\/div><\/div>\n\t\t\t<\/div>\n\t\t\t\t\n\t\t\t\t\n\t\t\t\t\n\t\t\t\t\n\t\t\t<\/div>\n\t\t\t\t\n\t\t\t\t\n\t\t\t<\/div><\/p>\n","protected":false},"excerpt":{"rendered":"","protected":false},"author":1,"featured_media":189,"parent":0,"menu_order":0,"comment_status":"closed","ping_status":"closed","template":"","meta":{"_et_pb_use_builder":"on","_et_pb_old_content":"<!-- wp:divi\/placeholder \/-->","_et_gb_content_width":"","footnotes":""},"class_list":["post-96","page","type-page","status-publish","has-post-thumbnail","hentry"],"yoast_head":"<!-- This site is optimized with the Yoast SEO plugin v28.1 - https:\/\/yoast.com\/product\/yoast-seo-wordpress\/ -->\n<title>Projectes Instal\u00b7lacions - Electricitat Lluis Cardona<\/title>\n<meta name=\"description\" content=\"Dona un cop d&#039;ull als nostres projectes d&#039;instal\u00b7lacions el\u00e8ctriques, solars, energia renovables, gas i tractaments d\u2019aigua a tot Catalunya.\" \/>\n<meta name=\"robots\" content=\"index, follow, max-snippet:-1, max-image-preview:large, max-video-preview:-1\" \/>\n<link rel=\"canonical\" href=\"https:\/\/electricitatcardona.com\/ca\/projectes\/\" \/>\n<meta property=\"og:locale\" content=\"ca_ES\" \/>\n<meta property=\"og:type\" content=\"article\" \/>\n<meta property=\"og:title\" content=\"Projectes Instal\u00b7lacions - Electricitat Lluis Cardona\" \/>\n<meta property=\"og:description\" content=\"Dona un cop d&#039;ull als nostres projectes d&#039;instal\u00b7lacions el\u00e8ctriques, solars, energia renovables, gas i tractaments d\u2019aigua a tot Catalunya.\" \/>\n<meta property=\"og:url\" content=\"https:\/\/electricitatcardona.com\/ca\/projectes\/\" \/>\n<meta property=\"og:site_name\" content=\"Electricitat Lluis Cardona\" \/>\n<meta property=\"article:modified_time\" content=\"2025-03-31T13:47:46+00:00\" \/>\n<meta property=\"og:image\" content=\"https:\/\/electricitatcardona.com\/wp-content\/uploads\/2025\/02\/2-1024x768.png\" \/>\n\t<meta property=\"og:image:width\" content=\"1024\" \/>\n\t<meta property=\"og:image:height\" content=\"768\" \/>\n\t<meta property=\"og:image:type\" content=\"image\/png\" \/>\n<meta name=\"twitter:card\" content=\"summary_large_image\" \/>\n<meta name=\"twitter:label1\" content=\"Temps estimat de lectura\" \/>\n\t<meta name=\"twitter:data1\" content=\"10 minuts\" \/>\n<script type=\"application\/ld+json\" class=\"yoast-schema-graph\">{\"@context\":\"https:\\\/\\\/schema.org\",\"@graph\":[{\"@type\":\"WebPage\",\"@id\":\"https:\\\/\\\/electricitatcardona.com\\\/ca\\\/projectes\\\/\",\"url\":\"https:\\\/\\\/electricitatcardona.com\\\/ca\\\/projectes\\\/\",\"name\":\"Projectes Instal\u00b7lacions - Electricitat Lluis Cardona\",\"isPartOf\":{\"@id\":\"https:\\\/\\\/electricitatcardona.com\\\/#website\"},\"primaryImageOfPage\":{\"@id\":\"https:\\\/\\\/electricitatcardona.com\\\/ca\\\/projectes\\\/#primaryimage\"},\"image\":{\"@id\":\"https:\\\/\\\/electricitatcardona.com\\\/ca\\\/projectes\\\/#primaryimage\"},\"thumbnailUrl\":\"https:\\\/\\\/electricitatcardona.com\\\/wp-content\\\/uploads\\\/2025\\\/02\\\/2.png\",\"datePublished\":\"2025-02-27T09:00:43+00:00\",\"dateModified\":\"2025-03-31T13:47:46+00:00\",\"description\":\"Dona un cop d'ull als nostres projectes d'instal\u00b7lacions el\u00e8ctriques, solars, energia renovables, gas i tractaments d\u2019aigua a tot Catalunya.\",\"breadcrumb\":{\"@id\":\"https:\\\/\\\/electricitatcardona.com\\\/ca\\\/projectes\\\/#breadcrumb\"},\"inLanguage\":\"ca\",\"potentialAction\":[{\"@type\":\"ReadAction\",\"target\":[\"https:\\\/\\\/electricitatcardona.com\\\/ca\\\/projectes\\\/\"]}]},{\"@type\":\"ImageObject\",\"inLanguage\":\"ca\",\"@id\":\"https:\\\/\\\/electricitatcardona.com\\\/ca\\\/projectes\\\/#primaryimage\",\"url\":\"https:\\\/\\\/electricitatcardona.com\\\/wp-content\\\/uploads\\\/2025\\\/02\\\/2.png\",\"contentUrl\":\"https:\\\/\\\/electricitatcardona.com\\\/wp-content\\\/uploads\\\/2025\\\/02\\\/2.png\",\"width\":2048,\"height\":1536,\"caption\":\"Projectes\"},{\"@type\":\"BreadcrumbList\",\"@id\":\"https:\\\/\\\/electricitatcardona.com\\\/ca\\\/projectes\\\/#breadcrumb\",\"itemListElement\":[{\"@type\":\"ListItem\",\"position\":1,\"name\":\"Portada\",\"item\":\"https:\\\/\\\/electricitatcardona.com\\\/ca\\\/\"},{\"@type\":\"ListItem\",\"position\":2,\"name\":\"Projectes\"}]},{\"@type\":\"WebSite\",\"@id\":\"https:\\\/\\\/electricitatcardona.com\\\/#website\",\"url\":\"https:\\\/\\\/electricitatcardona.com\\\/\",\"name\":\"Electricitat Lluis Cardona\",\"description\":\"\",\"publisher\":{\"@id\":\"https:\\\/\\\/electricitatcardona.com\\\/#organization\"},\"potentialAction\":[{\"@type\":\"SearchAction\",\"target\":{\"@type\":\"EntryPoint\",\"urlTemplate\":\"https:\\\/\\\/electricitatcardona.com\\\/?s={search_term_string}\"},\"query-input\":{\"@type\":\"PropertyValueSpecification\",\"valueRequired\":true,\"valueName\":\"search_term_string\"}}],\"inLanguage\":\"ca\"},{\"@type\":\"Organization\",\"@id\":\"https:\\\/\\\/electricitatcardona.com\\\/#organization\",\"name\":\"Electricitat Lluis Cardona\",\"url\":\"https:\\\/\\\/electricitatcardona.com\\\/\",\"logo\":{\"@type\":\"ImageObject\",\"inLanguage\":\"ca\",\"@id\":\"https:\\\/\\\/electricitatcardona.com\\\/#\\\/schema\\\/logo\\\/image\\\/\",\"url\":\"https:\\\/\\\/electricitatcardona.com\\\/wp-content\\\/uploads\\\/2025\\\/02\\\/cropped-Lluis-cardona-vinils-4x4-1-2.png\",\"contentUrl\":\"https:\\\/\\\/electricitatcardona.com\\\/wp-content\\\/uploads\\\/2025\\\/02\\\/cropped-Lluis-cardona-vinils-4x4-1-2.png\",\"width\":512,\"height\":512,\"caption\":\"Electricitat Lluis Cardona\"},\"image\":{\"@id\":\"https:\\\/\\\/electricitatcardona.com\\\/#\\\/schema\\\/logo\\\/image\\\/\"}}]}<\/script>\n<!-- \/ Yoast SEO plugin. -->","yoast_head_json":{"title":"Projectes Instal\u00b7lacions - Electricitat Lluis Cardona","description":"Dona un cop d'ull als nostres projectes d'instal\u00b7lacions el\u00e8ctriques, solars, energia renovables, gas i tractaments d\u2019aigua a tot Catalunya.","robots":{"index":"index","follow":"follow","max-snippet":"max-snippet:-1","max-image-preview":"max-image-preview:large","max-video-preview":"max-video-preview:-1"},"canonical":"https:\/\/electricitatcardona.com\/ca\/projectes\/","og_locale":"ca_ES","og_type":"article","og_title":"Projectes Instal\u00b7lacions - Electricitat Lluis Cardona","og_description":"Dona un cop d'ull als nostres projectes d'instal\u00b7lacions el\u00e8ctriques, solars, energia renovables, gas i tractaments d\u2019aigua a tot Catalunya.","og_url":"https:\/\/electricitatcardona.com\/ca\/projectes\/","og_site_name":"Electricitat Lluis Cardona","article_modified_time":"2025-03-31T13:47:46+00:00","og_image":[{"width":1024,"height":768,"url":"https:\/\/electricitatcardona.com\/wp-content\/uploads\/2025\/02\/2-1024x768.png","type":"image\/png"}],"twitter_card":"summary_large_image","twitter_misc":{"Temps estimat de lectura":"10 minuts"},"schema":{"@context":"https:\/\/schema.org","@graph":[{"@type":"WebPage","@id":"https:\/\/electricitatcardona.com\/ca\/projectes\/","url":"https:\/\/electricitatcardona.com\/ca\/projectes\/","name":"Projectes Instal\u00b7lacions - Electricitat Lluis Cardona","isPartOf":{"@id":"https:\/\/electricitatcardona.com\/#website"},"primaryImageOfPage":{"@id":"https:\/\/electricitatcardona.com\/ca\/projectes\/#primaryimage"},"image":{"@id":"https:\/\/electricitatcardona.com\/ca\/projectes\/#primaryimage"},"thumbnailUrl":"https:\/\/electricitatcardona.com\/wp-content\/uploads\/2025\/02\/2.png","datePublished":"2025-02-27T09:00:43+00:00","dateModified":"2025-03-31T13:47:46+00:00","description":"Dona un cop d'ull als nostres projectes d'instal\u00b7lacions el\u00e8ctriques, solars, energia renovables, gas i tractaments d\u2019aigua a tot Catalunya.","breadcrumb":{"@id":"https:\/\/electricitatcardona.com\/ca\/projectes\/#breadcrumb"},"inLanguage":"ca","potentialAction":[{"@type":"ReadAction","target":["https:\/\/electricitatcardona.com\/ca\/projectes\/"]}]},{"@type":"ImageObject","inLanguage":"ca","@id":"https:\/\/electricitatcardona.com\/ca\/projectes\/#primaryimage","url":"https:\/\/electricitatcardona.com\/wp-content\/uploads\/2025\/02\/2.png","contentUrl":"https:\/\/electricitatcardona.com\/wp-content\/uploads\/2025\/02\/2.png","width":2048,"height":1536,"caption":"Projectes"},{"@type":"BreadcrumbList","@id":"https:\/\/electricitatcardona.com\/ca\/projectes\/#breadcrumb","itemListElement":[{"@type":"ListItem","position":1,"name":"Portada","item":"https:\/\/electricitatcardona.com\/ca\/"},{"@type":"ListItem","position":2,"name":"Projectes"}]},{"@type":"WebSite","@id":"https:\/\/electricitatcardona.com\/#website","url":"https:\/\/electricitatcardona.com\/","name":"Electricitat Lluis Cardona","description":"","publisher":{"@id":"https:\/\/electricitatcardona.com\/#organization"},"potentialAction":[{"@type":"SearchAction","target":{"@type":"EntryPoint","urlTemplate":"https:\/\/electricitatcardona.com\/?s={search_term_string}"},"query-input":{"@type":"PropertyValueSpecification","valueRequired":true,"valueName":"search_term_string"}}],"inLanguage":"ca"},{"@type":"Organization","@id":"https:\/\/electricitatcardona.com\/#organization","name":"Electricitat Lluis Cardona","url":"https:\/\/electricitatcardona.com\/","logo":{"@type":"ImageObject","inLanguage":"ca","@id":"https:\/\/electricitatcardona.com\/#\/schema\/logo\/image\/","url":"https:\/\/electricitatcardona.com\/wp-content\/uploads\/2025\/02\/cropped-Lluis-cardona-vinils-4x4-1-2.png","contentUrl":"https:\/\/electricitatcardona.com\/wp-content\/uploads\/2025\/02\/cropped-Lluis-cardona-vinils-4x4-1-2.png","width":512,"height":512,"caption":"Electricitat Lluis Cardona"},"image":{"@id":"https:\/\/electricitatcardona.com\/#\/schema\/logo\/image\/"}}]}},"_links":{"self":[{"href":"https:\/\/electricitatcardona.com\/ca\/wp-json\/wp\/v2\/pages\/96","targetHints":{"allow":["GET"]}}],"collection":[{"href":"https:\/\/electricitatcardona.com\/ca\/wp-json\/wp\/v2\/pages"}],"about":[{"href":"https:\/\/electricitatcardona.com\/ca\/wp-json\/wp\/v2\/types\/page"}],"author":[{"embeddable":true,"href":"https:\/\/electricitatcardona.com\/ca\/wp-json\/wp\/v2\/users\/1"}],"replies":[{"embeddable":true,"href":"https:\/\/electricitatcardona.com\/ca\/wp-json\/wp\/v2\/comments?post=96"}],"version-history":[{"count":1,"href":"https:\/\/electricitatcardona.com\/ca\/wp-json\/wp\/v2\/pages\/96\/revisions"}],"predecessor-version":[{"id":424,"href":"https:\/\/electricitatcardona.com\/ca\/wp-json\/wp\/v2\/pages\/96\/revisions\/424"}],"wp:featuredmedia":[{"embeddable":true,"href":"https:\/\/electricitatcardona.com\/ca\/wp-json\/wp\/v2\/media\/189"}],"wp:attachment":[{"href":"https:\/\/electricitatcardona.com\/ca\/wp-json\/wp\/v2\/media?parent=96"}],"curies":[{"name":"wp","href":"https:\/\/api.w.org\/{rel}","templated":true}]}}